{"id":1282,"date":"2024-01-06T19:40:19","date_gmt":"2024-01-06T19:40:19","guid":{"rendered":"https:\/\/atlantidoc.com\/site\/?page_id=1282"},"modified":"2024-02-01T23:53:40","modified_gmt":"2024-02-01T23:53:40","slug":"atlantidoc17-2023","status":"publish","type":"page","link":"https:\/\/atlantidoc.com\/site\/atlantidoc17-2023\/","title":{"rendered":"ATLANTIDOC17 &#8211; 2023"},"content":{"rendered":"\t\t<div data-elementor-type=\"wp-page\" data-elementor-id=\"1282\" class=\"elementor elementor-1282\" data-elementor-post-type=\"page\">\n\t\t\t\t<div class=\"elementor-element elementor-element-a61674b e-flex e-con-boxed e-con e-parent\" data-id=\"a61674b\" data-element_type=\"container\" data-settings=\"{&quot;ekit_has_onepagescroll_dot&quot;:&quot;yes&quot;}\">\n\t\t\t\t\t<div class=\"e-con-inner\">\n\t\t<div class=\"elementor-element elementor-element-4273aec e-con-full e-flex e-con e-child\" data-id=\"4273aec\" data-element_type=\"container\" data-settings=\"{&quot;ekit_has_onepagescroll_dot&quot;:&quot;yes&quot;}\">\n\t\t\t\t<\/div>\n\t\t\t\t\t<\/div>\n\t\t\t\t<\/div>\n\t\t<div class=\"elementor-element elementor-element-97f87cf e-con-full e-flex e-con e-parent\" data-id=\"97f87cf\" data-element_type=\"container\" data-settings=\"{&quot;ekit_has_onepagescroll_dot&quot;:&quot;yes&quot;}\">\n\t\t<div class=\"elementor-element elementor-element-5cb808b e-con-full e-flex e-con e-child\" data-id=\"5cb808b\" data-element_type=\"container\" data-settings=\"{&quot;background_background&quot;:&quot;classic&quot;,&quot;ekit_has_onepagescroll_dot&quot;:&quot;yes&quot;}\">\n\t\t<div class=\"elementor-element elementor-element-38d2188 e-con-full e-flex e-con e-child\" data-id=\"38d2188\" data-element_type=\"container\" data-settings=\"{&quot;ekit_has_onepagescroll_dot&quot;:&quot;yes&quot;}\">\n\t\t\t\t<div class=\"elementor-element elementor-element-7f50803 elementor-widget elementor-widget-image\" data-id=\"7f50803\" data-element_type=\"widget\" data-settings=\"{&quot;ekit_we_effect_on&quot;:&quot;none&quot;}\" data-widget_type=\"image.default\">\n\t\t\t\t<div class=\"elementor-widget-container\">\n\t\t\t\t\t\t\t\t\t\t\t\t\t\t\t\t<a href=\"https:\/\/atlantidoc.com\/site\/wp-content\/uploads\/2024\/01\/atlantidoc-17-cartel-5.jpg\" data-elementor-open-lightbox=\"yes\" data-e-action-hash=\"#elementor-action%3Aaction%3Dlightbox%26settings%3DeyJpZCI6MTc3NywidXJsIjoiaHR0cHM6XC9cL2F0bGFudGlkb2MuY29tXC9zaXRlXC93cC1jb250ZW50XC91cGxvYWRzXC8yMDI0XC8wMVwvYXRsYW50aWRvYy0xNy1jYXJ0ZWwtNS5qcGcifQ%3D%3D\">\n\t\t\t\t\t\t\t<img fetchpriority=\"high\" decoding=\"async\" width=\"768\" height=\"1075\" src=\"https:\/\/atlantidoc.com\/site\/wp-content\/uploads\/2024\/01\/atlantidoc-17-cartel-5-768x1075.jpg\" class=\"attachment-medium_large size-medium_large wp-image-1777\" alt=\"\" srcset=\"https:\/\/atlantidoc.com\/site\/wp-content\/uploads\/2024\/01\/atlantidoc-17-cartel-5-768x1075.jpg 768w, https:\/\/atlantidoc.com\/site\/wp-content\/uploads\/2024\/01\/atlantidoc-17-cartel-5-1097x1536.jpg 1097w, https:\/\/atlantidoc.com\/site\/wp-content\/uploads\/2024\/01\/atlantidoc-17-cartel-5-1463x2048.jpg 1463w, https:\/\/atlantidoc.com\/site\/wp-content\/uploads\/2024\/01\/atlantidoc-17-cartel-5.jpg 1500w\" sizes=\"(max-width: 768px) 100vw, 768px\" \/>\t\t\t\t\t\t\t\t<\/a>\n\t\t\t\t\t\t\t\t\t\t\t\t\t\t\t<\/div>\n\t\t\t\t<\/div>\n\t\t\t\t<\/div>\n\t\t<div class=\"elementor-element elementor-element-fc43757 e-con-full e-flex e-con e-child\" data-id=\"fc43757\" data-element_type=\"container\" data-settings=\"{&quot;ekit_has_onepagescroll_dot&quot;:&quot;yes&quot;}\">\n\t\t\t\t<div class=\"elementor-element elementor-element-51d7225 elementor-widget__width-initial elementor-widget elementor-widget-heading\" data-id=\"51d7225\" data-element_type=\"widget\" data-settings=\"{&quot;ekit_we_effect_on&quot;:&quot;none&quot;}\" data-widget_type=\"heading.default\">\n\t\t\t\t<div class=\"elementor-widget-container\">\n\t\t\t\t\t<h1 class=\"elementor-heading-title elementor-size-default\">ATLANTIDOC 17<\/h1>\t\t\t\t<\/div>\n\t\t\t\t<\/div>\n\t\t\t\t<div class=\"elementor-element elementor-element-d5ca195 elementor-widget elementor-widget-text-editor\" data-id=\"d5ca195\" data-element_type=\"widget\" data-settings=\"{&quot;ekit_we_effect_on&quot;:&quot;none&quot;}\" data-widget_type=\"text-editor.default\">\n\t\t\t\t<div class=\"elementor-widget-container\">\n\t\t\t\t\t\t\t\t\t<p style=\"text-align: center;\"><span style=\"color: #5e5e5e;\"><span style=\"color: #333333;\">OCTUBRE 16 AL 29, 2023<\/span><br \/><\/span><\/p>\t\t\t\t\t\t\t\t<\/div>\n\t\t\t\t<\/div>\n\t\t\t\t<div class=\"elementor-element elementor-element-a0b5b80 elementor-widget elementor-widget-heading\" data-id=\"a0b5b80\" data-element_type=\"widget\" data-settings=\"{&quot;ekit_we_effect_on&quot;:&quot;none&quot;}\" data-widget_type=\"heading.default\">\n\t\t\t\t<div class=\"elementor-widget-container\">\n\t\t\t\t\t<h2 class=\"elementor-heading-title elementor-size-default\">PREMIOS<\/h2>\t\t\t\t<\/div>\n\t\t\t\t<\/div>\n\t\t\t\t<div class=\"elementor-element elementor-element-71ec591 elementor-widget__width-initial elementor-widget elementor-widget-text-editor\" data-id=\"71ec591\" data-element_type=\"widget\" data-settings=\"{&quot;ekit_we_effect_on&quot;:&quot;none&quot;}\" data-widget_type=\"text-editor.default\">\n\t\t\t\t<div class=\"elementor-widget-container\">\n\t\t\t\t\t\t\t\t\t<p>Tenemos el gran gusto de comunicarles los fallos de los diferentes jurados del <strong>17 Festival Internacional de Cine Documental del Uruguay, Atlantidoc 2023<\/strong>, agradeciendo infinitamente la seria tarea y profesionalismo de todos y cada uno de los jurados.<\/p>\n<p>A continuaci\u00f3n, todos los premios y justificaciones de cada jurado. Como es habitual desde el primer a\u00f1o del festival, nuestros jurados son id\u00f3neos e independientes y act\u00faan con total libertad de la direcci\u00f3n de Atlantidoc.<\/p>\n<p>Es importante que los festivales de cine generen una masa cr\u00edtica y sirvan de gu\u00eda a los p\u00fablicos, eligiendo los mejores ejemplos de la creaci\u00f3n audiovisual, en nuestro caso del g\u00e9nero documental de reciente producci\u00f3n.<\/p>\t\t\t\t\t\t\t\t<\/div>\n\t\t\t\t<\/div>\n\t\t\t\t<\/div>\n\t\t<div class=\"elementor-element elementor-element-443cb25 e-con-full e-flex e-con e-child\" data-id=\"443cb25\" data-element_type=\"container\" data-settings=\"{&quot;ekit_has_onepagescroll_dot&quot;:&quot;yes&quot;}\">\n\t\t<div class=\"elementor-element elementor-element-a04a5ef e-flex e-con-boxed e-con e-child\" data-id=\"a04a5ef\" data-element_type=\"container\" data-settings=\"{&quot;ekit_has_onepagescroll_dot&quot;:&quot;yes&quot;}\">\n\t\t\t\t\t<div class=\"e-con-inner\">\n\t\t\t\t<div class=\"elementor-element elementor-element-b85e465 elementor-align-center elementor-widget elementor-widget-button\" data-id=\"b85e465\" data-element_type=\"widget\" data-settings=\"{&quot;ekit_we_effect_on&quot;:&quot;none&quot;}\" data-widget_type=\"button.default\">\n\t\t\t\t<div class=\"elementor-widget-container\">\n\t\t\t\t\t\t\t\t\t<div class=\"elementor-button-wrapper\">\n\t\t\t\t\t<a class=\"elementor-button elementor-button-link elementor-size-xl\" href=\"https:\/\/online.fliphtml5.com\/ymde\/mnuk\/#p=1\">\n\t\t\t\t\t\t<span class=\"elementor-button-content-wrapper\">\n\t\t\t\t\t\t\t\t\t<span class=\"elementor-button-text\">ver en l\u00ednea<\/span>\n\t\t\t\t\t<\/span>\n\t\t\t\t\t<\/a>\n\t\t\t\t<\/div>\n\t\t\t\t\t\t\t\t<\/div>\n\t\t\t\t<\/div>\n\t\t\t\t<div class=\"elementor-element elementor-element-20799a7 elementor-align-center elementor-widget elementor-widget-button\" data-id=\"20799a7\" data-element_type=\"widget\" data-settings=\"{&quot;ekit_we_effect_on&quot;:&quot;none&quot;}\" data-widget_type=\"button.default\">\n\t\t\t\t<div class=\"elementor-widget-container\">\n\t\t\t\t\t\t\t\t\t<div class=\"elementor-button-wrapper\">\n\t\t\t\t\t<a class=\"elementor-button elementor-button-link elementor-size-xl\" href=\"https:\/\/atlantidoc.com\/docs\/2023\/catalogo_ATLANTIDOC_17.pdf\">\n\t\t\t\t\t\t<span class=\"elementor-button-content-wrapper\">\n\t\t\t\t\t\t\t\t\t<span class=\"elementor-button-text\">Descargar<\/span>\n\t\t\t\t\t<\/span>\n\t\t\t\t\t<\/a>\n\t\t\t\t<\/div>\n\t\t\t\t\t\t\t\t<\/div>\n\t\t\t\t<\/div>\n\t\t\t\t<div class=\"elementor-element elementor-element-ab7d326 elementor-widget elementor-widget-heading\" data-id=\"ab7d326\" data-element_type=\"widget\" data-settings=\"{&quot;ekit_we_effect_on&quot;:&quot;none&quot;}\" data-widget_type=\"heading.default\">\n\t\t\t\t<div class=\"elementor-widget-container\">\n\t\t\t\t\t<h4 class=\"elementor-heading-title elementor-size-default\">CAT\u00c1LOGO<\/h4>\t\t\t\t<\/div>\n\t\t\t\t<\/div>\n\t\t\t\t<div class=\"elementor-element elementor-element-fa54c8e elementor-widget elementor-widget-spacer\" data-id=\"fa54c8e\" data-element_type=\"widget\" data-settings=\"{&quot;ekit_we_effect_on&quot;:&quot;none&quot;}\" data-widget_type=\"spacer.default\">\n\t\t\t\t<div class=\"elementor-widget-container\">\n\t\t\t\t\t\t\t<div class=\"elementor-spacer\">\n\t\t\t<div class=\"elementor-spacer-inner\"><\/div>\n\t\t<\/div>\n\t\t\t\t\t\t<\/div>\n\t\t\t\t<\/div>\n\t\t\t\t\t<\/div>\n\t\t\t\t<\/div>\n\t\t\t\t<\/div>\n\t\t\t\t<\/div>\n\t\t<div class=\"elementor-element elementor-element-ebde908 e-con-full e-flex e-con e-child\" data-id=\"ebde908\" data-element_type=\"container\" data-settings=\"{&quot;background_background&quot;:&quot;classic&quot;,&quot;ekit_has_onepagescroll_dot&quot;:&quot;yes&quot;}\">\n\t\t\t\t<div class=\"elementor-element elementor-element-76835b6 elementor-widget elementor-widget-heading\" data-id=\"76835b6\" data-element_type=\"widget\" data-settings=\"{&quot;ekit_we_effect_on&quot;:&quot;none&quot;}\" data-widget_type=\"heading.default\">\n\t\t\t\t<div class=\"elementor-widget-container\">\n\t\t\t\t\t<h3 class=\"elementor-heading-title elementor-size-default\">Jurado Internacional<\/h3>\t\t\t\t<\/div>\n\t\t\t\t<\/div>\n\t\t\t\t<div class=\"elementor-element elementor-element-f0accac elementor-widget elementor-widget-spacer\" data-id=\"f0accac\" data-element_type=\"widget\" data-settings=\"{&quot;ekit_we_effect_on&quot;:&quot;none&quot;}\" data-widget_type=\"spacer.default\">\n\t\t\t\t<div class=\"elementor-widget-container\">\n\t\t\t\t\t\t\t<div class=\"elementor-spacer\">\n\t\t\t<div class=\"elementor-spacer-inner\"><\/div>\n\t\t<\/div>\n\t\t\t\t\t\t<\/div>\n\t\t\t\t<\/div>\n\t\t\t\t<div class=\"elementor-element elementor-element-d64bf9e elementor-widget elementor-widget-text-editor\" data-id=\"d64bf9e\" data-element_type=\"widget\" data-settings=\"{&quot;ekit_we_effect_on&quot;:&quot;none&quot;}\" data-widget_type=\"text-editor.default\">\n\t\t\t\t<div class=\"elementor-widget-container\">\n\t\t\t\t\t\t\t\t\t<p style=\"text-align: left;\">El Jurado Internacional del 17 Atlantidoc, integrado por Alicia Cano (Uruguay), Carmen Guarini (Argentina) y Erik Gustavson (Noruega), otorgan los siguientes premios:<\/p>\t\t\t\t\t\t\t\t<\/div>\n\t\t\t\t<\/div>\n\t\t\t\t<\/div>\n\t\t<div class=\"elementor-element elementor-element-81e789d e-con-full e-flex e-con e-child\" data-id=\"81e789d\" data-element_type=\"container\" data-settings=\"{&quot;background_background&quot;:&quot;classic&quot;,&quot;ekit_has_onepagescroll_dot&quot;:&quot;yes&quot;}\">\n\t\t<div class=\"elementor-element elementor-element-109f6c8 e-con-full e-flex e-con e-child\" data-id=\"109f6c8\" data-element_type=\"container\" data-settings=\"{&quot;ekit_has_onepagescroll_dot&quot;:&quot;yes&quot;}\">\n\t\t\t\t<div class=\"elementor-element elementor-element-bbbdc25 elementor-widget elementor-widget-image\" data-id=\"bbbdc25\" data-element_type=\"widget\" data-settings=\"{&quot;ekit_we_effect_on&quot;:&quot;none&quot;}\" data-widget_type=\"image.default\">\n\t\t\t\t<div class=\"elementor-widget-container\">\n\t\t\t\t\t\t\t\t\t\t\t\t\t\t\t\t<a href=\"https:\/\/atlantidoc.com\/site\/wp-content\/uploads\/2023\/12\/Varsavsky_El_cientaifico_rebelde-569785375-large.jpg\" data-elementor-open-lightbox=\"yes\" data-elementor-lightbox-title=\"Varsavsky_El_cientaifico_rebelde-569785375-large\" data-e-action-hash=\"#elementor-action%3Aaction%3Dlightbox%26settings%3DeyJpZCI6MjA2LCJ1cmwiOiJodHRwczpcL1wvYXRsYW50aWRvYy5jb21cL3NpdGVcL3dwLWNvbnRlbnRcL3VwbG9hZHNcLzIwMjNcLzEyXC9WYXJzYXZza3lfRWxfY2llbnRhaWZpY29fcmViZWxkZS01Njk3ODUzNzUtbGFyZ2UuanBnIn0%3D\">\n\t\t\t\t\t\t\t<img decoding=\"async\" width=\"721\" height=\"1024\" src=\"https:\/\/atlantidoc.com\/site\/wp-content\/uploads\/2023\/12\/Varsavsky_El_cientaifico_rebelde-569785375-large.jpg\" class=\"attachment-full size-full wp-image-206\" alt=\"\" \/>\t\t\t\t\t\t\t\t<\/a>\n\t\t\t\t\t\t\t\t\t\t\t\t\t\t\t<\/div>\n\t\t\t\t<\/div>\n\t\t\t\t<\/div>\n\t\t<div class=\"elementor-element elementor-element-ea20088 e-con-full e-flex e-con e-child\" data-id=\"ea20088\" data-element_type=\"container\" data-settings=\"{&quot;ekit_has_onepagescroll_dot&quot;:&quot;yes&quot;}\">\n\t\t\t\t<div class=\"elementor-element elementor-element-9b5d779 elementor-widget elementor-widget-text-editor\" data-id=\"9b5d779\" data-element_type=\"widget\" data-settings=\"{&quot;ekit_we_effect_on&quot;:&quot;none&quot;}\" data-widget_type=\"text-editor.default\">\n\t\t\t\t<div class=\"elementor-widget-container\">\n\t\t\t\t\t\t\t\t\t<p>El\u00a0<strong>Premio al Mejor Largometraje Documental \u00abF\u00e9lix Oliver\u00bb\u00a0<\/strong>a\u00a0<strong><em>Varsavsky, el cient\u00edfico rebelde<\/em><\/strong>, de Rodolfo Petriz, Argentina.<br \/>Por su excelente investigaci\u00f3n, guion y uso de los materiales de archivo. Una pel\u00edcula con un personaje singular del pasado, que irradia luz sobre nuestro presente Latinoamericano.<\/p>\t\t\t\t\t\t\t\t<\/div>\n\t\t\t\t<\/div>\n\t\t\t\t<\/div>\n\t\t<div class=\"elementor-element elementor-element-1a2dacd e-con-full e-flex e-con e-child\" data-id=\"1a2dacd\" data-element_type=\"container\" data-settings=\"{&quot;ekit_has_onepagescroll_dot&quot;:&quot;yes&quot;}\">\n\t\t\t\t<\/div>\n\t\t<div class=\"elementor-element elementor-element-79b7eff e-con-full e-flex e-con e-child\" data-id=\"79b7eff\" data-element_type=\"container\" data-settings=\"{&quot;ekit_has_onepagescroll_dot&quot;:&quot;yes&quot;}\">\n\t\t\t\t<div class=\"elementor-element elementor-element-c3542d4 elementor-widget elementor-widget-image\" data-id=\"c3542d4\" data-element_type=\"widget\" data-settings=\"{&quot;ekit_we_effect_on&quot;:&quot;none&quot;}\" data-widget_type=\"image.default\">\n\t\t\t\t<div class=\"elementor-widget-container\">\n\t\t\t\t\t\t\t\t\t\t\t\t\t\t\t\t<a href=\"https:\/\/atlantidoc.com\/site\/wp-content\/uploads\/2023\/12\/Paeriphaerique_Nord-615833765-large.jpg\" data-elementor-open-lightbox=\"yes\" data-elementor-lightbox-title=\"Paeriphaerique_Nord-615833765-large\" data-e-action-hash=\"#elementor-action%3Aaction%3Dlightbox%26settings%3DeyJpZCI6MjQ3LCJ1cmwiOiJodHRwczpcL1wvYXRsYW50aWRvYy5jb21cL3NpdGVcL3dwLWNvbnRlbnRcL3VwbG9hZHNcLzIwMjNcLzEyXC9QYWVyaXBoYWVyaXF1ZV9Ob3JkLTYxNTgzMzc2NS1sYXJnZS5qcGcifQ%3D%3D\">\n\t\t\t\t\t\t\t<img decoding=\"async\" width=\"700\" height=\"1000\" src=\"https:\/\/atlantidoc.com\/site\/wp-content\/uploads\/2023\/12\/Paeriphaerique_Nord-615833765-large.jpg\" class=\"attachment-full size-full wp-image-247\" alt=\"\" \/>\t\t\t\t\t\t\t\t<\/a>\n\t\t\t\t\t\t\t\t\t\t\t\t\t\t\t<\/div>\n\t\t\t\t<\/div>\n\t\t\t\t<\/div>\n\t\t<div class=\"elementor-element elementor-element-6bad4da e-con-full e-flex e-con e-child\" data-id=\"6bad4da\" data-element_type=\"container\" data-settings=\"{&quot;ekit_has_onepagescroll_dot&quot;:&quot;yes&quot;}\">\n\t\t\t\t<div class=\"elementor-element elementor-element-6d50b18 elementor-widget elementor-widget-text-editor\" data-id=\"6d50b18\" data-element_type=\"widget\" data-settings=\"{&quot;ekit_we_effect_on&quot;:&quot;none&quot;}\" data-widget_type=\"text-editor.default\">\n\t\t\t\t<div class=\"elementor-widget-container\">\n\t\t\t\t\t\t\t\t\t<p>El premio al\u00a0<strong>Mejor Documental Iberoamericano \u00abEduardo Coutinho\u00bb\u00a0<\/strong>a\u00a0<em><strong>Peripherique Nord<\/strong><\/em>, de Paulo Carneiro, Portugal\/Uruguay.<br \/>Al igual que la obra del genial Coutinho, un ejercicio de di\u00e1logo original y genialmente puesto en escena.<\/p>\t\t\t\t\t\t\t\t<\/div>\n\t\t\t\t<\/div>\n\t\t\t\t<\/div>\n\t\t<div class=\"elementor-element elementor-element-9a05ed3 e-con-full e-flex e-con e-child\" data-id=\"9a05ed3\" data-element_type=\"container\" data-settings=\"{&quot;ekit_has_onepagescroll_dot&quot;:&quot;yes&quot;}\">\n\t\t\t\t<\/div>\n\t\t<div class=\"elementor-element elementor-element-d070824 e-con-full e-flex e-con e-child\" data-id=\"d070824\" data-element_type=\"container\" data-settings=\"{&quot;ekit_has_onepagescroll_dot&quot;:&quot;yes&quot;}\">\n\t\t\t\t<div class=\"elementor-element elementor-element-f0e9737 elementor-widget elementor-widget-image\" data-id=\"f0e9737\" data-element_type=\"widget\" data-settings=\"{&quot;ekit_we_effect_on&quot;:&quot;none&quot;}\" data-widget_type=\"image.default\">\n\t\t\t\t<div class=\"elementor-widget-container\">\n\t\t\t\t\t\t\t\t\t\t\t\t\t\t\t\t<a href=\"https:\/\/atlantidoc.com\/site\/wp-content\/uploads\/2024\/01\/Disco-de-Piedra.png\" data-elementor-open-lightbox=\"yes\" data-e-action-hash=\"#elementor-action%3Aaction%3Dlightbox%26settings%3DeyJpZCI6MTk1MiwidXJsIjoiaHR0cHM6XC9cL2F0bGFudGlkb2MuY29tXC9zaXRlXC93cC1jb250ZW50XC91cGxvYWRzXC8yMDI0XC8wMVwvRGlzY28tZGUtUGllZHJhLnBuZyJ9\">\n\t\t\t\t\t\t\t<img loading=\"lazy\" decoding=\"async\" width=\"1368\" height=\"1901\" src=\"https:\/\/atlantidoc.com\/site\/wp-content\/uploads\/2024\/01\/Disco-de-Piedra.png\" class=\"attachment-full size-full wp-image-1952\" alt=\"\" srcset=\"https:\/\/atlantidoc.com\/site\/wp-content\/uploads\/2024\/01\/Disco-de-Piedra.png 1368w, https:\/\/atlantidoc.com\/site\/wp-content\/uploads\/2024\/01\/Disco-de-Piedra-768x1067.png 768w, https:\/\/atlantidoc.com\/site\/wp-content\/uploads\/2024\/01\/Disco-de-Piedra-1105x1536.png 1105w\" sizes=\"(max-width: 1368px) 100vw, 1368px\" \/>\t\t\t\t\t\t\t\t<\/a>\n\t\t\t\t\t\t\t\t\t\t\t\t\t\t\t<\/div>\n\t\t\t\t<\/div>\n\t\t\t\t<\/div>\n\t\t<div class=\"elementor-element elementor-element-fb4ec1b e-con-full e-flex e-con e-child\" data-id=\"fb4ec1b\" data-element_type=\"container\" data-settings=\"{&quot;ekit_has_onepagescroll_dot&quot;:&quot;yes&quot;}\">\n\t\t\t\t<div class=\"elementor-element elementor-element-8cc63d0 elementor-widget elementor-widget-text-editor\" data-id=\"8cc63d0\" data-element_type=\"widget\" data-settings=\"{&quot;ekit_we_effect_on&quot;:&quot;none&quot;}\" data-widget_type=\"text-editor.default\">\n\t\t\t\t<div class=\"elementor-widget-container\">\n\t\t\t\t\t\t\t\t\t<p>El premio a la\u00a0<strong>Mejor Opera Prima \u00abKristina Konrad\u00bb<\/strong>\u00a0a\u00a0<em><strong>Disco de piedra<\/strong><\/em>, de Geraldone Ovando, Bolivia.<\/p>\t\t\t\t\t\t\t\t<\/div>\n\t\t\t\t<\/div>\n\t\t\t\t<\/div>\n\t\t\t\t<\/div>\n\t\t<div class=\"elementor-element elementor-element-b53a98e e-flex e-con-boxed e-con e-child\" data-id=\"b53a98e\" data-element_type=\"container\" data-settings=\"{&quot;background_background&quot;:&quot;classic&quot;,&quot;ekit_has_onepagescroll_dot&quot;:&quot;yes&quot;}\">\n\t\t\t\t\t<div class=\"e-con-inner\">\n\t\t<div class=\"elementor-element elementor-element-b1b63d2 e-con-full e-flex e-con e-child\" data-id=\"b1b63d2\" data-element_type=\"container\" data-settings=\"{&quot;ekit_has_onepagescroll_dot&quot;:&quot;yes&quot;}\">\n\t\t\t\t<div class=\"elementor-element elementor-element-9a9fa6f elementor-widget elementor-widget-image\" data-id=\"9a9fa6f\" data-element_type=\"widget\" data-settings=\"{&quot;ekit_we_effect_on&quot;:&quot;none&quot;}\" data-widget_type=\"image.default\">\n\t\t\t\t<div class=\"elementor-widget-container\">\n\t\t\t\t\t\t\t\t\t\t\t\t\t\t\t\t<a href=\"https:\/\/atlantidoc.com\/site\/wp-content\/uploads\/2024\/01\/Mujer_perseverante-730339955-large.jpg\" data-elementor-open-lightbox=\"yes\" data-e-action-hash=\"#elementor-action%3Aaction%3Dlightbox%26settings%3DeyJpZCI6MjM1OSwidXJsIjoiaHR0cHM6XC9cL2F0bGFudGlkb2MuY29tXC9zaXRlXC93cC1jb250ZW50XC91cGxvYWRzXC8yMDI0XC8wMVwvTXVqZXJfcGVyc2V2ZXJhbnRlLTczMDMzOTk1NS1sYXJnZS5qcGcifQ%3D%3D\">\n\t\t\t\t\t\t\t<img decoding=\"async\" src=\"https:\/\/atlantidoc.com\/site\/wp-content\/uploads\/elementor\/thumbs\/Mujer_perseverante-730339955-large-rfj8y8a6e36gvhea6oc5lfjb73wu2jusxnl1i46io0.jpg\" title=\"\" alt=\"\" loading=\"lazy\" \/>\t\t\t\t\t\t\t\t<\/a>\n\t\t\t\t\t\t\t\t\t\t\t\t\t\t\t<\/div>\n\t\t\t\t<\/div>\n\t\t\t\t<\/div>\n\t\t<div class=\"elementor-element elementor-element-daa18be e-con-full e-flex e-con e-child\" data-id=\"daa18be\" data-element_type=\"container\" data-settings=\"{&quot;ekit_has_onepagescroll_dot&quot;:&quot;yes&quot;}\">\n\t\t\t\t<div class=\"elementor-element elementor-element-275cf6c elementor-widget elementor-widget-text-editor\" data-id=\"275cf6c\" data-element_type=\"widget\" data-settings=\"{&quot;ekit_we_effect_on&quot;:&quot;none&quot;}\" data-widget_type=\"text-editor.default\">\n\t\t\t\t<div class=\"elementor-widget-container\">\n\t\t\t\t\t\t\t\t\t<p><strong>Menci\u00f3n especial\u00a0<\/strong>a\u00a0<em><strong>Mujer perseverante<\/strong><\/em>, de Soledad San Juli\u00e1n, Argentina.<\/p>\t\t\t\t\t\t\t\t<\/div>\n\t\t\t\t<\/div>\n\t\t\t\t<\/div>\n\t\t<div class=\"elementor-element elementor-element-51b56b1 e-con-full e-flex e-con e-child\" data-id=\"51b56b1\" data-element_type=\"container\" data-settings=\"{&quot;ekit_has_onepagescroll_dot&quot;:&quot;yes&quot;}\">\n\t\t\t\t<\/div>\n\t\t<div class=\"elementor-element elementor-element-5b8ffe9 e-con-full e-flex e-con e-child\" data-id=\"5b8ffe9\" data-element_type=\"container\" data-settings=\"{&quot;ekit_has_onepagescroll_dot&quot;:&quot;yes&quot;}\">\n\t\t\t\t<div class=\"elementor-element elementor-element-3b5de7a elementor-widget elementor-widget-image\" data-id=\"3b5de7a\" data-element_type=\"widget\" data-settings=\"{&quot;ekit_we_effect_on&quot;:&quot;none&quot;}\" data-widget_type=\"image.default\">\n\t\t\t\t<div class=\"elementor-widget-container\">\n\t\t\t\t\t\t\t\t\t\t\t\t\t\t\t\t<a href=\"https:\/\/atlantidoc.com\/site\/wp-content\/uploads\/2024\/01\/Aqueronte_C-418021504-large.jpg\" data-elementor-open-lightbox=\"yes\" data-e-action-hash=\"#elementor-action%3Aaction%3Dlightbox%26settings%3DeyJpZCI6MTk2NCwidXJsIjoiaHR0cHM6XC9cL2F0bGFudGlkb2MuY29tXC9zaXRlXC93cC1jb250ZW50XC91cGxvYWRzXC8yMDI0XC8wMVwvQXF1ZXJvbnRlX0MtNDE4MDIxNTA0LWxhcmdlLmpwZyJ9\">\n\t\t\t\t\t\t\t<img decoding=\"async\" src=\"https:\/\/atlantidoc.com\/site\/wp-content\/uploads\/elementor\/thumbs\/Aqueronte_C-418021504-large-rfj8y4itmr1bl1jqsmpnbghgtkfd7rfvl4z3l0c3cw.jpg\" title=\"\" alt=\"\" loading=\"lazy\" \/>\t\t\t\t\t\t\t\t<\/a>\n\t\t\t\t\t\t\t\t\t\t\t\t\t\t\t<\/div>\n\t\t\t\t<\/div>\n\t\t\t\t<\/div>\n\t\t<div class=\"elementor-element elementor-element-9ed513f e-con-full e-flex e-con e-child\" data-id=\"9ed513f\" data-element_type=\"container\" data-settings=\"{&quot;ekit_has_onepagescroll_dot&quot;:&quot;yes&quot;}\">\n\t\t\t\t<div class=\"elementor-element elementor-element-59b765f elementor-widget elementor-widget-text-editor\" data-id=\"59b765f\" data-element_type=\"widget\" data-settings=\"{&quot;ekit_we_effect_on&quot;:&quot;none&quot;}\" data-widget_type=\"text-editor.default\">\n\t\t\t\t<div class=\"elementor-widget-container\">\n\t\t\t\t\t\t\t\t\t<p>El Premio al\u00a0<strong>Mejor Cortometraje Documental\u00a0<\/strong>para\u00a0<em><strong>Aqueronte<\/strong><\/em>, de Manuel Mu\u00f1oz Rivas, Espa\u00f1a.<br \/><br \/><\/p>\t\t\t\t\t\t\t\t<\/div>\n\t\t\t\t<\/div>\n\t\t\t\t<\/div>\n\t\t\t\t\t<\/div>\n\t\t\t\t<\/div>\n\t\t<div class=\"elementor-element elementor-element-b0ec6d3 e-con-full e-flex e-con e-child\" data-id=\"b0ec6d3\" data-element_type=\"container\" data-settings=\"{&quot;background_background&quot;:&quot;classic&quot;,&quot;ekit_has_onepagescroll_dot&quot;:&quot;yes&quot;}\">\n\t\t\t\t<div class=\"elementor-element elementor-element-95dc55a elementor-widget elementor-widget-spacer\" data-id=\"95dc55a\" data-element_type=\"widget\" data-settings=\"{&quot;ekit_we_effect_on&quot;:&quot;none&quot;}\" data-widget_type=\"spacer.default\">\n\t\t\t\t<div class=\"elementor-widget-container\">\n\t\t\t\t\t\t\t<div class=\"elementor-spacer\">\n\t\t\t<div class=\"elementor-spacer-inner\"><\/div>\n\t\t<\/div>\n\t\t\t\t\t\t<\/div>\n\t\t\t\t<\/div>\n\t\t\t\t<\/div>\n\t\t<div class=\"elementor-element elementor-element-f6d2012 e-con-full e-flex e-con e-child\" data-id=\"f6d2012\" data-element_type=\"container\" data-settings=\"{&quot;background_background&quot;:&quot;classic&quot;,&quot;ekit_has_onepagescroll_dot&quot;:&quot;yes&quot;}\">\n\t\t\t\t<div class=\"elementor-element elementor-element-a95a230 elementor-widget elementor-widget-heading\" data-id=\"a95a230\" data-element_type=\"widget\" data-settings=\"{&quot;ekit_we_effect_on&quot;:&quot;none&quot;}\" data-widget_type=\"heading.default\">\n\t\t\t\t<div class=\"elementor-widget-container\">\n\t\t\t\t\t<h3 class=\"elementor-heading-title elementor-size-default\">Jurado Espacio Uruguay<\/h3>\t\t\t\t<\/div>\n\t\t\t\t<\/div>\n\t\t\t\t<div class=\"elementor-element elementor-element-b340afd elementor-widget elementor-widget-spacer\" data-id=\"b340afd\" data-element_type=\"widget\" data-settings=\"{&quot;ekit_we_effect_on&quot;:&quot;none&quot;}\" data-widget_type=\"spacer.default\">\n\t\t\t\t<div class=\"elementor-widget-container\">\n\t\t\t\t\t\t\t<div class=\"elementor-spacer\">\n\t\t\t<div class=\"elementor-spacer-inner\"><\/div>\n\t\t<\/div>\n\t\t\t\t\t\t<\/div>\n\t\t\t\t<\/div>\n\t\t\t\t<div class=\"elementor-element elementor-element-65402cf elementor-widget elementor-widget-text-editor\" data-id=\"65402cf\" data-element_type=\"widget\" data-settings=\"{&quot;ekit_we_effect_on&quot;:&quot;none&quot;}\" data-widget_type=\"text-editor.default\">\n\t\t\t\t<div class=\"elementor-widget-container\">\n\t\t\t\t\t\t\t\t\t<p style=\"text-align: left;\">Jurado Espacio Uruguay, integrado por: Susanna Lira (Brasil), Casimiro Torreiro (Uruguay\/Espa\u00f1a) y Nacho Seimanas (Uruguay) otorgan los siguientes premios:<\/p>\t\t\t\t\t\t\t\t<\/div>\n\t\t\t\t<\/div>\n\t\t\t\t<\/div>\n\t\t<div class=\"elementor-element elementor-element-37a7aed e-con-full e-flex e-con e-child\" data-id=\"37a7aed\" data-element_type=\"container\" data-settings=\"{&quot;background_background&quot;:&quot;classic&quot;,&quot;ekit_has_onepagescroll_dot&quot;:&quot;yes&quot;}\">\n\t\t<div class=\"elementor-element elementor-element-721c972 e-con-full e-flex e-con e-child\" data-id=\"721c972\" data-element_type=\"container\" data-settings=\"{&quot;ekit_has_onepagescroll_dot&quot;:&quot;yes&quot;}\">\n\t\t\t\t<div class=\"elementor-element elementor-element-2ce6bad elementor-widget elementor-widget-image\" data-id=\"2ce6bad\" data-element_type=\"widget\" data-settings=\"{&quot;ekit_we_effect_on&quot;:&quot;none&quot;}\" data-widget_type=\"image.default\">\n\t\t\t\t<div class=\"elementor-widget-container\">\n\t\t\t\t\t\t\t\t\t\t\t\t\t\t\t\t<a href=\"https:\/\/atlantidoc.com\/site\/wp-content\/uploads\/2024\/01\/Alcira-y-el-campo-de-espigas-Documental-.jpg\" data-elementor-open-lightbox=\"yes\" data-e-action-hash=\"#elementor-action%3Aaction%3Dlightbox%26settings%3DeyJpZCI6MTk5MywidXJsIjoiaHR0cHM6XC9cL2F0bGFudGlkb2MuY29tXC9zaXRlXC93cC1jb250ZW50XC91cGxvYWRzXC8yMDI0XC8wMVwvQWxjaXJhLXktZWwtY2FtcG8tZGUtZXNwaWdhcy1Eb2N1bWVudGFsLS5qcGcifQ%3D%3D\">\n\t\t\t\t\t\t\t<img loading=\"lazy\" decoding=\"async\" width=\"1000\" height=\"1414\" src=\"https:\/\/atlantidoc.com\/site\/wp-content\/uploads\/2024\/01\/Alcira-y-el-campo-de-espigas-Documental-.jpg\" class=\"attachment-full size-full wp-image-1993\" alt=\"\" srcset=\"https:\/\/atlantidoc.com\/site\/wp-content\/uploads\/2024\/01\/Alcira-y-el-campo-de-espigas-Documental-.jpg 1000w, https:\/\/atlantidoc.com\/site\/wp-content\/uploads\/2024\/01\/Alcira-y-el-campo-de-espigas-Documental--768x1086.jpg 768w\" sizes=\"(max-width: 1000px) 100vw, 1000px\" \/>\t\t\t\t\t\t\t\t<\/a>\n\t\t\t\t\t\t\t\t\t\t\t\t\t\t\t<\/div>\n\t\t\t\t<\/div>\n\t\t\t\t<\/div>\n\t\t<div class=\"elementor-element elementor-element-2c2f58e e-con-full e-flex e-con e-child\" data-id=\"2c2f58e\" data-element_type=\"container\" data-settings=\"{&quot;ekit_has_onepagescroll_dot&quot;:&quot;yes&quot;}\">\n\t\t\t\t<div class=\"elementor-element elementor-element-7b38a4f elementor-widget elementor-widget-text-editor\" data-id=\"7b38a4f\" data-element_type=\"widget\" data-settings=\"{&quot;ekit_we_effect_on&quot;:&quot;none&quot;}\" data-widget_type=\"text-editor.default\">\n\t\t\t\t<div class=\"elementor-widget-container\">\n\t\t\t\t\t\t\t\t\t<p>El <strong>Premio a Mejor Documental Uruguayo \u00abMario Handler\u00bb<\/strong>, dotado de $ 120.000 otorgados por la Intendencia de Canelones, a <em><strong>Alcira y el campo de espigas<\/strong><\/em>, Dir. Agust\u00edn Fern\u00e1ndez Gabard, por el sorprendente descubrimiento de una poeta virtualmente desconocida, haciendo expl\u00edcita una de las virtudes cardinales del documental como forma de expresi\u00f3n, con especial menci\u00f3n a un magistral uso del archivo para la construcci\u00f3n de su discurso cinematogr\u00e1fico\u00bb.<\/p>\t\t\t\t\t\t\t\t<\/div>\n\t\t\t\t<\/div>\n\t\t\t\t<\/div>\n\t\t<div class=\"elementor-element elementor-element-548b3e0 e-con-full e-flex e-con e-child\" data-id=\"548b3e0\" data-element_type=\"container\" data-settings=\"{&quot;ekit_has_onepagescroll_dot&quot;:&quot;yes&quot;}\">\n\t\t\t\t<\/div>\n\t\t<div class=\"elementor-element elementor-element-41908ad e-con-full e-flex e-con e-child\" data-id=\"41908ad\" data-element_type=\"container\" data-settings=\"{&quot;ekit_has_onepagescroll_dot&quot;:&quot;yes&quot;}\">\n\t\t\t\t<div class=\"elementor-element elementor-element-733090c elementor-widget elementor-widget-image\" data-id=\"733090c\" data-element_type=\"widget\" data-settings=\"{&quot;ekit_we_effect_on&quot;:&quot;none&quot;}\" data-widget_type=\"image.default\">\n\t\t\t\t<div class=\"elementor-widget-container\">\n\t\t\t\t\t\t\t\t\t\t\t\t\t\t\t\t<a href=\"https:\/\/atlantidoc.com\/site\/wp-content\/uploads\/2024\/01\/el_retrato_de_mi_padre-344674819-large.jpg\" data-elementor-open-lightbox=\"yes\" data-e-action-hash=\"#elementor-action%3Aaction%3Dlightbox%26settings%3DeyJpZCI6MjAwMSwidXJsIjoiaHR0cHM6XC9cL2F0bGFudGlkb2MuY29tXC9zaXRlXC93cC1jb250ZW50XC91cGxvYWRzXC8yMDI0XC8wMVwvZWxfcmV0cmF0b19kZV9taV9wYWRyZS0zNDQ2NzQ4MTktbGFyZ2UuanBnIn0%3D\">\n\t\t\t\t\t\t\t<img loading=\"lazy\" decoding=\"async\" width=\"717\" height=\"1024\" src=\"https:\/\/atlantidoc.com\/site\/wp-content\/uploads\/2024\/01\/el_retrato_de_mi_padre-344674819-large.jpg\" class=\"attachment-full size-full wp-image-2001\" alt=\"\" \/>\t\t\t\t\t\t\t\t<\/a>\n\t\t\t\t\t\t\t\t\t\t\t\t\t\t\t<\/div>\n\t\t\t\t<\/div>\n\t\t\t\t<\/div>\n\t\t<div class=\"elementor-element elementor-element-bec56f1 e-con-full e-flex e-con e-child\" data-id=\"bec56f1\" data-element_type=\"container\" data-settings=\"{&quot;ekit_has_onepagescroll_dot&quot;:&quot;yes&quot;}\">\n\t\t\t\t<div class=\"elementor-element elementor-element-e7e0b65 elementor-widget elementor-widget-text-editor\" data-id=\"e7e0b65\" data-element_type=\"widget\" data-settings=\"{&quot;ekit_we_effect_on&quot;:&quot;none&quot;}\" data-widget_type=\"text-editor.default\">\n\t\t\t\t<div class=\"elementor-widget-container\">\n\t\t\t\t\t\t\t\t\t<p>Menci\u00f3n a <em><strong>Retrato de mi padre<\/strong><\/em><br \/>Dir. Juan Ignacio Fern\u00e1ndez Hoppe, por su arriesgada apuesta por investigar las dolorosas razones del fallecimiento de su padre, y hacerlo sin olvidar tambi\u00e9n una lograda apuesta formal.<\/p>\t\t\t\t\t\t\t\t<\/div>\n\t\t\t\t<\/div>\n\t\t\t\t<\/div>\n\t\t<div class=\"elementor-element elementor-element-bb3359c e-con-full e-flex e-con e-child\" data-id=\"bb3359c\" data-element_type=\"container\" data-settings=\"{&quot;ekit_has_onepagescroll_dot&quot;:&quot;yes&quot;}\">\n\t\t\t\t<\/div>\n\t\t<div class=\"elementor-element elementor-element-7561dc5 e-con-full e-flex e-con e-child\" data-id=\"7561dc5\" data-element_type=\"container\" data-settings=\"{&quot;ekit_has_onepagescroll_dot&quot;:&quot;yes&quot;}\">\n\t\t\t\t<div class=\"elementor-element elementor-element-e51c005 elementor-widget elementor-widget-image\" data-id=\"e51c005\" data-element_type=\"widget\" data-settings=\"{&quot;ekit_we_effect_on&quot;:&quot;none&quot;}\" data-widget_type=\"image.default\">\n\t\t\t\t<div class=\"elementor-widget-container\">\n\t\t\t\t\t\t\t\t\t\t\t\t\t\t\t\t<a href=\"https:\/\/atlantidoc.com\/site\/wp-content\/uploads\/2024\/01\/ida_vitale-773040696-large.jpg\" data-elementor-open-lightbox=\"yes\" data-e-action-hash=\"#elementor-action%3Aaction%3Dlightbox%26settings%3DeyJpZCI6MjAwMiwidXJsIjoiaHR0cHM6XC9cL2F0bGFudGlkb2MuY29tXC9zaXRlXC93cC1jb250ZW50XC91cGxvYWRzXC8yMDI0XC8wMVwvaWRhX3ZpdGFsZS03NzMwNDA2OTYtbGFyZ2UuanBnIn0%3D\">\n\t\t\t\t\t\t\t<img loading=\"lazy\" decoding=\"async\" width=\"840\" height=\"1200\" src=\"https:\/\/atlantidoc.com\/site\/wp-content\/uploads\/2024\/01\/ida_vitale-773040696-large.jpg\" class=\"attachment-full size-full wp-image-2002\" alt=\"\" srcset=\"https:\/\/atlantidoc.com\/site\/wp-content\/uploads\/2024\/01\/ida_vitale-773040696-large.jpg 840w, https:\/\/atlantidoc.com\/site\/wp-content\/uploads\/2024\/01\/ida_vitale-773040696-large-768x1097.jpg 768w\" sizes=\"(max-width: 840px) 100vw, 840px\" \/>\t\t\t\t\t\t\t\t<\/a>\n\t\t\t\t\t\t\t\t\t\t\t\t\t\t\t<\/div>\n\t\t\t\t<\/div>\n\t\t\t\t<\/div>\n\t\t<div class=\"elementor-element elementor-element-6268abe e-con-full e-flex e-con e-child\" data-id=\"6268abe\" data-element_type=\"container\" data-settings=\"{&quot;ekit_has_onepagescroll_dot&quot;:&quot;yes&quot;}\">\n\t\t\t\t<div class=\"elementor-element elementor-element-b3f8246 elementor-widget elementor-widget-text-editor\" data-id=\"b3f8246\" data-element_type=\"widget\" data-settings=\"{&quot;ekit_we_effect_on&quot;:&quot;none&quot;}\" data-widget_type=\"text-editor.default\">\n\t\t\t\t<div class=\"elementor-widget-container\">\n\t\t\t\t\t\t\t\t\t<p>Menci\u00f3n a <em><strong>Ida Vitale<\/strong><\/em>, Dir. Mar\u00eda Arrillaga, por su delicado acercamiento a una personalidad mayor de las letras latinoamericanas, de quien obtiene un valioso documento \u00edntimo.<\/p>\t\t\t\t\t\t\t\t<\/div>\n\t\t\t\t<\/div>\n\t\t\t\t<\/div>\n\t\t\t\t<\/div>\n\t\t\t\t<div class=\"elementor-element elementor-element-6e50e9a elementor-widget elementor-widget-spacer\" data-id=\"6e50e9a\" data-element_type=\"widget\" data-settings=\"{&quot;ekit_we_effect_on&quot;:&quot;none&quot;}\" data-widget_type=\"spacer.default\">\n\t\t\t\t<div class=\"elementor-widget-container\">\n\t\t\t\t\t\t\t<div class=\"elementor-spacer\">\n\t\t\t<div class=\"elementor-spacer-inner\"><\/div>\n\t\t<\/div>\n\t\t\t\t\t\t<\/div>\n\t\t\t\t<\/div>\n\t\t<div class=\"elementor-element elementor-element-6e2007b e-con-full e-flex e-con e-child\" data-id=\"6e2007b\" data-element_type=\"container\" data-settings=\"{&quot;ekit_has_onepagescroll_dot&quot;:&quot;yes&quot;}\">\n\t\t<div class=\"elementor-element elementor-element-2ed8ac8 e-con-full e-flex e-con e-child\" data-id=\"2ed8ac8\" data-element_type=\"container\" data-settings=\"{&quot;background_background&quot;:&quot;classic&quot;,&quot;ekit_has_onepagescroll_dot&quot;:&quot;yes&quot;}\">\n\t\t\t\t<div class=\"elementor-element elementor-element-9245dec elementor-widget elementor-widget-heading\" data-id=\"9245dec\" data-element_type=\"widget\" data-settings=\"{&quot;ekit_we_effect_on&quot;:&quot;none&quot;}\" data-widget_type=\"heading.default\">\n\t\t\t\t<div class=\"elementor-widget-container\">\n\t\t\t\t\t<h3 class=\"elementor-heading-title elementor-size-default\">Jurado Signis<\/h3>\t\t\t\t<\/div>\n\t\t\t\t<\/div>\n\t\t\t\t<div class=\"elementor-element elementor-element-3717cd9 elementor-widget__width-initial elementor-widget elementor-widget-text-editor\" data-id=\"3717cd9\" data-element_type=\"widget\" data-settings=\"{&quot;ekit_we_effect_on&quot;:&quot;none&quot;}\" data-widget_type=\"text-editor.default\">\n\t\t\t\t<div class=\"elementor-widget-container\">\n\t\t\t\t\t\t\t\t\t<p style=\"text-align: center;\">El jurado de la Asociaci\u00f3n Cat\u00f3lica Latinoamericana y Caribe\u00f1a de Comunicaci\u00f3n, integrado por Liliana Silva Ortega (Colombia), Juan Pablo Donoso (Chile) y Enzo Casiraghi (Uruguay), ha llegado al siguiente veredicto:<\/p>\t\t\t\t\t\t\t\t<\/div>\n\t\t\t\t<\/div>\n\t\t\t\t<\/div>\n\t\t<div class=\"elementor-element elementor-element-f605a7e e-con-full e-flex e-con e-child\" data-id=\"f605a7e\" data-element_type=\"container\" data-settings=\"{&quot;background_background&quot;:&quot;classic&quot;,&quot;ekit_has_onepagescroll_dot&quot;:&quot;yes&quot;}\">\n\t\t\t\t<div class=\"elementor-element elementor-element-0085770 elementor-widget elementor-widget-heading\" data-id=\"0085770\" data-element_type=\"widget\" data-settings=\"{&quot;ekit_we_effect_on&quot;:&quot;none&quot;}\" data-widget_type=\"heading.default\">\n\t\t\t\t<div class=\"elementor-widget-container\">\n\t\t\t\t\t<h3 class=\"elementor-heading-title elementor-size-default\">Jurado ACCU<\/h3>\t\t\t\t<\/div>\n\t\t\t\t<\/div>\n\t\t\t\t<div class=\"elementor-element elementor-element-66c81bf elementor-widget elementor-widget-text-editor\" data-id=\"66c81bf\" data-element_type=\"widget\" data-settings=\"{&quot;ekit_we_effect_on&quot;:&quot;none&quot;}\" data-widget_type=\"text-editor.default\">\n\t\t\t\t<div class=\"elementor-widget-container\">\n\t\t\t\t\t\t\t\t\t<p style=\"text-align: center;\">El Jurado de la Asociaci\u00f3n de Cr\u00edticos de Cine del Uruguay (ACCU), integrado por Luciana Rodr\u00edguez, Fernando Palumbo y Sol Bauz\u00e1.<\/p>\t\t\t\t\t\t\t\t<\/div>\n\t\t\t\t<\/div>\n\t\t\t\t<\/div>\n\t\t\t\t<\/div>\n\t\t<div class=\"elementor-element elementor-element-c3b93f3 e-con-full e-flex e-con e-child\" data-id=\"c3b93f3\" data-element_type=\"container\" data-settings=\"{&quot;background_background&quot;:&quot;classic&quot;,&quot;ekit_has_onepagescroll_dot&quot;:&quot;yes&quot;}\">\n\t\t<div class=\"elementor-element elementor-element-b628ea7 e-con-full e-flex e-con e-child\" data-id=\"b628ea7\" data-element_type=\"container\" data-settings=\"{&quot;ekit_has_onepagescroll_dot&quot;:&quot;yes&quot;}\">\n\t\t\t\t<div class=\"elementor-element elementor-element-8639a3e elementor-widget elementor-widget-image\" data-id=\"8639a3e\" data-element_type=\"widget\" data-settings=\"{&quot;ekit_we_effect_on&quot;:&quot;none&quot;}\" data-widget_type=\"image.default\">\n\t\t\t\t<div class=\"elementor-widget-container\">\n\t\t\t\t\t\t\t\t\t\t\t\t\t\t\t\t<a href=\"https:\/\/atlantidoc.com\/site\/wp-content\/uploads\/2024\/01\/Disco-de-Piedra.png\" data-elementor-open-lightbox=\"yes\" data-e-action-hash=\"#elementor-action%3Aaction%3Dlightbox%26settings%3DeyJpZCI6MTk1MiwidXJsIjoiaHR0cHM6XC9cL2F0bGFudGlkb2MuY29tXC9zaXRlXC93cC1jb250ZW50XC91cGxvYWRzXC8yMDI0XC8wMVwvRGlzY28tZGUtUGllZHJhLnBuZyJ9\">\n\t\t\t\t\t\t\t<img loading=\"lazy\" decoding=\"async\" width=\"1368\" height=\"1901\" src=\"https:\/\/atlantidoc.com\/site\/wp-content\/uploads\/2024\/01\/Disco-de-Piedra.png\" class=\"attachment-full size-full wp-image-1952\" alt=\"\" srcset=\"https:\/\/atlantidoc.com\/site\/wp-content\/uploads\/2024\/01\/Disco-de-Piedra.png 1368w, https:\/\/atlantidoc.com\/site\/wp-content\/uploads\/2024\/01\/Disco-de-Piedra-768x1067.png 768w, https:\/\/atlantidoc.com\/site\/wp-content\/uploads\/2024\/01\/Disco-de-Piedra-1105x1536.png 1105w\" sizes=\"(max-width: 1368px) 100vw, 1368px\" \/>\t\t\t\t\t\t\t\t<\/a>\n\t\t\t\t\t\t\t\t\t\t\t\t\t\t\t<\/div>\n\t\t\t\t<\/div>\n\t\t\t\t<\/div>\n\t\t<div class=\"elementor-element elementor-element-0426846 e-con-full e-flex e-con e-child\" data-id=\"0426846\" data-element_type=\"container\" data-settings=\"{&quot;ekit_has_onepagescroll_dot&quot;:&quot;yes&quot;}\">\n\t\t\t\t<div class=\"elementor-element elementor-element-7c0a4ff elementor-widget elementor-widget-text-editor\" data-id=\"7c0a4ff\" data-element_type=\"widget\" data-settings=\"{&quot;ekit_we_effect_on&quot;:&quot;none&quot;}\" data-widget_type=\"text-editor.default\">\n\t\t\t\t<div class=\"elementor-widget-container\">\n\t\t\t\t\t\t\t\t\t<p>Premio SIGNIS \u00abMar\u00eda Blanca P\u00edgola\u00bb para <em><strong>Disco de piedra<\/strong><\/em>, de Geraldine Ovando, Bolivia.<br \/>Relato social y antropol\u00f3gico que en todo momento transmite emoci\u00f3n de AMOR. Devoto sincretismo religioso expresado con ternura visceral. El Disco de Barro es una forma de orar al Cielo. \u00abEl barro y la arcilla son las memorias de la Tierra\u2026 pero fr\u00e1giles cuando se los toca\u00bb. Denuncia de una discriminaci\u00f3n \u00e9tnica injusta que ninguna autoridad soluciona.<br \/>UN CONMOVEDOR VIAJE AL CORAZ\u00d3N EMOTIVO DE UNA CULTURA ANCESTRAL.<\/p>\t\t\t\t\t\t\t\t<\/div>\n\t\t\t\t<\/div>\n\t\t\t\t<\/div>\n\t\t<div class=\"elementor-element elementor-element-bd28a58 e-con-full e-flex e-con e-child\" data-id=\"bd28a58\" data-element_type=\"container\" data-settings=\"{&quot;background_background&quot;:&quot;classic&quot;,&quot;ekit_has_onepagescroll_dot&quot;:&quot;yes&quot;}\">\n\t\t\t\t<div class=\"elementor-element elementor-element-c0b9298 elementor-widget elementor-widget-spacer\" data-id=\"c0b9298\" data-element_type=\"widget\" data-settings=\"{&quot;ekit_we_effect_on&quot;:&quot;none&quot;}\" data-widget_type=\"spacer.default\">\n\t\t\t\t<div class=\"elementor-widget-container\">\n\t\t\t\t\t\t\t<div class=\"elementor-spacer\">\n\t\t\t<div class=\"elementor-spacer-inner\"><\/div>\n\t\t<\/div>\n\t\t\t\t\t\t<\/div>\n\t\t\t\t<\/div>\n\t\t\t\t<\/div>\n\t\t<div class=\"elementor-element elementor-element-4d6e571 e-con-full e-flex e-con e-child\" data-id=\"4d6e571\" data-element_type=\"container\" data-settings=\"{&quot;ekit_has_onepagescroll_dot&quot;:&quot;yes&quot;}\">\n\t\t\t\t<div class=\"elementor-element elementor-element-62b3a72 elementor-widget elementor-widget-image\" data-id=\"62b3a72\" data-element_type=\"widget\" data-settings=\"{&quot;ekit_we_effect_on&quot;:&quot;none&quot;}\" data-widget_type=\"image.default\">\n\t\t\t\t<div class=\"elementor-widget-container\">\n\t\t\t\t\t\t\t\t\t\t\t\t\t\t\t\t<a href=\"https:\/\/atlantidoc.com\/site\/wp-content\/uploads\/2024\/01\/benito_perez_bunuel-670688852-large.jpg\" data-elementor-open-lightbox=\"yes\" data-e-action-hash=\"#elementor-action%3Aaction%3Dlightbox%26settings%3DeyJpZCI6MjA2NiwidXJsIjoiaHR0cHM6XC9cL2F0bGFudGlkb2MuY29tXC9zaXRlXC93cC1jb250ZW50XC91cGxvYWRzXC8yMDI0XC8wMVwvYmVuaXRvX3BlcmV6X2J1bnVlbC02NzA2ODg4NTItbGFyZ2UuanBnIn0%3D\">\n\t\t\t\t\t\t\t<img loading=\"lazy\" decoding=\"async\" width=\"847\" height=\"1200\" src=\"https:\/\/atlantidoc.com\/site\/wp-content\/uploads\/2024\/01\/benito_perez_bunuel-670688852-large.jpg\" class=\"attachment-full size-full wp-image-2066\" alt=\"\" srcset=\"https:\/\/atlantidoc.com\/site\/wp-content\/uploads\/2024\/01\/benito_perez_bunuel-670688852-large.jpg 847w, https:\/\/atlantidoc.com\/site\/wp-content\/uploads\/2024\/01\/benito_perez_bunuel-670688852-large-768x1088.jpg 768w\" sizes=\"(max-width: 847px) 100vw, 847px\" \/>\t\t\t\t\t\t\t\t<\/a>\n\t\t\t\t\t\t\t\t\t\t\t\t\t\t\t<\/div>\n\t\t\t\t<\/div>\n\t\t\t\t<\/div>\n\t\t<div class=\"elementor-element elementor-element-f66051b e-con-full e-flex e-con e-child\" data-id=\"f66051b\" data-element_type=\"container\" data-settings=\"{&quot;ekit_has_onepagescroll_dot&quot;:&quot;yes&quot;}\">\n\t\t\t\t<div class=\"elementor-element elementor-element-4bfeddb elementor-widget elementor-widget-text-editor\" data-id=\"4bfeddb\" data-element_type=\"widget\" data-settings=\"{&quot;ekit_we_effect_on&quot;:&quot;none&quot;}\" data-widget_type=\"text-editor.default\">\n\t\t\t\t<div class=\"elementor-widget-container\">\n\t\t\t\t\t\t\t\t\t<p>Premio a Mejor Documental \u00abRonald Melzer\u00bb al filme<em><strong> <br \/>Benito P\u00e9rez Bu\u00f1uel<\/strong><\/em>, de Luis Roca, Espa\u00f1a.<br \/>Por ser la m\u00e1s redonda, eficiente, profunda, r\u00edtmica y valiente. Frondosa, en sus 74 minutos, pareja en el pulso de la atenci\u00f3n que sostiene y tambi\u00e9n sorprendente en contrastes y matices para contar la historia de una riqu\u00edsima impronta creativa, pensadora cr\u00edtica con sus luces y sus sombras.<\/p>\t\t\t\t\t\t\t\t<\/div>\n\t\t\t\t<\/div>\n\t\t\t\t<\/div>\n\t\t<div class=\"elementor-element elementor-element-9aa3ea4 e-con-full e-flex e-con e-child\" data-id=\"9aa3ea4\" data-element_type=\"container\" data-settings=\"{&quot;ekit_has_onepagescroll_dot&quot;:&quot;yes&quot;}\">\n\t\t\t\t<\/div>\n\t\t<div class=\"elementor-element elementor-element-3c77e5d e-con-full e-flex e-con e-child\" data-id=\"3c77e5d\" data-element_type=\"container\" data-settings=\"{&quot;ekit_has_onepagescroll_dot&quot;:&quot;yes&quot;}\">\n\t\t\t\t<div class=\"elementor-element elementor-element-be301e3 elementor-widget elementor-widget-image\" data-id=\"be301e3\" data-element_type=\"widget\" data-settings=\"{&quot;ekit_we_effect_on&quot;:&quot;none&quot;}\" data-widget_type=\"image.default\">\n\t\t\t\t<div class=\"elementor-widget-container\">\n\t\t\t\t\t\t\t\t\t\t\t\t\t\t\t\t<a href=\"https:\/\/atlantidoc.com\/site\/wp-content\/uploads\/2024\/01\/Mujer_perseverante-730339955-large.jpg\" data-elementor-open-lightbox=\"yes\" data-e-action-hash=\"#elementor-action%3Aaction%3Dlightbox%26settings%3DeyJpZCI6MjM1OSwidXJsIjoiaHR0cHM6XC9cL2F0bGFudGlkb2MuY29tXC9zaXRlXC93cC1jb250ZW50XC91cGxvYWRzXC8yMDI0XC8wMVwvTXVqZXJfcGVyc2V2ZXJhbnRlLTczMDMzOTk1NS1sYXJnZS5qcGcifQ%3D%3D\">\n\t\t\t\t\t\t\t<img loading=\"lazy\" decoding=\"async\" width=\"768\" height=\"1024\" src=\"https:\/\/atlantidoc.com\/site\/wp-content\/uploads\/2024\/01\/Mujer_perseverante-730339955-large.jpg\" class=\"attachment-full size-full wp-image-2359\" alt=\"\" \/>\t\t\t\t\t\t\t\t<\/a>\n\t\t\t\t\t\t\t\t\t\t\t\t\t\t\t<\/div>\n\t\t\t\t<\/div>\n\t\t\t\t<\/div>\n\t\t<div class=\"elementor-element elementor-element-da7eb8b e-con-full e-flex e-con e-child\" data-id=\"da7eb8b\" data-element_type=\"container\" data-settings=\"{&quot;ekit_has_onepagescroll_dot&quot;:&quot;yes&quot;}\">\n\t\t\t\t<div class=\"elementor-element elementor-element-e127a70 elementor-widget elementor-widget-text-editor\" data-id=\"e127a70\" data-element_type=\"widget\" data-settings=\"{&quot;ekit_we_effect_on&quot;:&quot;none&quot;}\" data-widget_type=\"text-editor.default\">\n\t\t\t\t<div class=\"elementor-widget-container\">\n\t\t\t\t\t\t\t\t\t<p>Menci\u00f3n para: <em><strong>Mujer perseverante<\/strong><\/em>, de Soledad San Julian, Argentina.<br \/>Es una excelente y necesaria pieza porque plasma la gesta de una luchadora contra opresiones interseccionales, como son (tal cual ha dicho la propia Rosario Quispe que comparte con otras compa\u00f1eras activistas con esas condiciones,) \u00abser india, pobre y mujer\u00bb.<\/p>\t\t\t\t\t\t\t\t<\/div>\n\t\t\t\t<\/div>\n\t\t\t\t<\/div>\n\t\t\t\t<\/div>\n\t\t<div class=\"elementor-element elementor-element-2e69bc1 e-con-full e-flex e-con e-child\" data-id=\"2e69bc1\" data-element_type=\"container\" data-settings=\"{&quot;background_background&quot;:&quot;classic&quot;,&quot;ekit_has_onepagescroll_dot&quot;:&quot;yes&quot;}\">\n\t\t\t\t<div class=\"elementor-element elementor-element-ab6ae39 elementor-widget__width-initial elementor-widget elementor-widget-heading\" data-id=\"ab6ae39\" data-element_type=\"widget\" data-settings=\"{&quot;ekit_we_effect_on&quot;:&quot;none&quot;}\" data-widget_type=\"heading.default\">\n\t\t\t\t<div class=\"elementor-widget-container\">\n\t\t\t\t\t<h3 class=\"elementor-heading-title elementor-size-default\">Jurado Documentales en Construcci\u00f3n<\/h3>\t\t\t\t<\/div>\n\t\t\t\t<\/div>\n\t\t\t\t<div class=\"elementor-element elementor-element-f14826e elementor-widget elementor-widget-spacer\" data-id=\"f14826e\" data-element_type=\"widget\" data-settings=\"{&quot;ekit_we_effect_on&quot;:&quot;none&quot;}\" data-widget_type=\"spacer.default\">\n\t\t\t\t<div class=\"elementor-widget-container\">\n\t\t\t\t\t\t\t<div class=\"elementor-spacer\">\n\t\t\t<div class=\"elementor-spacer-inner\"><\/div>\n\t\t<\/div>\n\t\t\t\t\t\t<\/div>\n\t\t\t\t<\/div>\n\t\t\t\t<div class=\"elementor-element elementor-element-aea0a1e elementor-widget__width-initial elementor-widget elementor-widget-text-editor\" data-id=\"aea0a1e\" data-element_type=\"widget\" data-settings=\"{&quot;ekit_we_effect_on&quot;:&quot;none&quot;}\" data-widget_type=\"text-editor.default\">\n\t\t\t\t<div class=\"elementor-widget-container\">\n\t\t\t\t\t\t\t\t\t<p style=\"text-align: left;\">El Jurado Internacional del Espacio <strong>\u00abDocumentales en Construcci\u00f3n\u00bb<\/strong>, integrado por Anna Jancso (Hungr\u00eda\/Inglaterra), Alberto Ponce (Argentina) y Giba Assis Brasil (Brasil), luego de considerar los seis documentales en concurso, hacer las devoluciones a cada uno, resuelve otorgar el premio al documental <em><strong>Antes del recuerdo<\/strong><\/em>, de Joaqu\u00edn Gonz\u00e1lez Vaillant, dotado de 100.000 pesos en efectivo aportados por la Intendencia de Montevideo. <br \/>Y una Menci\u00f3n especial a <em><strong>Se\u00f1or, si usted realmente existe<\/strong><\/em>, <em><strong>por qu\u00e9 no me saca de este infierno<\/strong><\/em>, de Jorge Fierro.<\/p>\t\t\t\t\t\t\t\t<\/div>\n\t\t\t\t<\/div>\n\t\t\t\t<\/div>\n\t\t<div class=\"elementor-element elementor-element-f8d19c3 e-flex e-con-boxed e-con e-child\" data-id=\"f8d19c3\" data-element_type=\"container\" data-settings=\"{&quot;ekit_has_onepagescroll_dot&quot;:&quot;yes&quot;}\">\n\t\t\t\t\t<div class=\"e-con-inner\">\n\t\t\t\t<div class=\"elementor-element elementor-element-998e14d elementor-widget elementor-widget-spacer\" data-id=\"998e14d\" data-element_type=\"widget\" data-settings=\"{&quot;ekit_we_effect_on&quot;:&quot;none&quot;}\" data-widget_type=\"spacer.default\">\n\t\t\t\t<div class=\"elementor-widget-container\">\n\t\t\t\t\t\t\t<div class=\"elementor-spacer\">\n\t\t\t<div class=\"elementor-spacer-inner\"><\/div>\n\t\t<\/div>\n\t\t\t\t\t\t<\/div>\n\t\t\t\t<\/div>\n\t\t\t\t<div class=\"elementor-element elementor-element-b26cbec elementor-widget elementor-widget-heading\" data-id=\"b26cbec\" data-element_type=\"widget\" data-settings=\"{&quot;ekit_we_effect_on&quot;:&quot;none&quot;}\" data-widget_type=\"heading.default\">\n\t\t\t\t<div class=\"elementor-widget-container\">\n\t\t\t\t\t<h2 class=\"elementor-heading-title elementor-size-default\">SELECCIONADOS AL SEMINARIO - TALLER DE GUION DE LARGOMETRAJE DOCUMENTAL 2023<\/h2>\t\t\t\t<\/div>\n\t\t\t\t<\/div>\n\t\t\t\t<div class=\"elementor-element elementor-element-d18187d elementor-widget elementor-widget-spacer\" data-id=\"d18187d\" data-element_type=\"widget\" data-settings=\"{&quot;ekit_we_effect_on&quot;:&quot;none&quot;}\" data-widget_type=\"spacer.default\">\n\t\t\t\t<div class=\"elementor-widget-container\">\n\t\t\t\t\t\t\t<div class=\"elementor-spacer\">\n\t\t\t<div class=\"elementor-spacer-inner\"><\/div>\n\t\t<\/div>\n\t\t\t\t\t\t<\/div>\n\t\t\t\t<\/div>\n\t\t\t\t<div class=\"elementor-element elementor-element-245ee59 elementor-widget elementor-widget-text-editor\" data-id=\"245ee59\" data-element_type=\"widget\" data-settings=\"{&quot;ekit_we_effect_on&quot;:&quot;none&quot;}\" data-widget_type=\"text-editor.default\">\n\t\t\t\t<div class=\"elementor-widget-container\">\n\t\t\t\t\t\t\t\t\t<p>Presentamos la selecci\u00f3n de los 10 proyectos de largometraje documental que participar\u00e1n del Taller de gui\u00f3n, a cargo del colega peruano\/espa\u00f1ol Javier Corcuera, entre los d\u00edas 23 y 27 de octubre pr\u00f3ximos.<\/p><p>Es un listado de proyectos muy variados, como es el cine uruguayo, y esperamos el mayor de los \u00e9xitos en la tarea, como viene siendo la experiencia desde 2007. Un trabajo muy intenso donde se van a desarrollar esos guiones y generar redes de colegas que siempre ayudan en el trabajo.<\/p><p>Este a\u00f1o ser\u00e1 la ciudad de Piri\u00e1polis, el Centro de Vacaciones de AEBU, la que nos cobijar\u00e1 y dar\u00e1 un marco profesional al Taller, reuniendo en un s\u00f3lo lugar los alojamientos, locales de reuni\u00f3n y proyecciones del festival.<\/p><p>Los seleccionados son:<\/p>\t\t\t\t\t\t\t\t<\/div>\n\t\t\t\t<\/div>\n\t\t\t\t<div class=\"elementor-element elementor-element-60ea612 elementor-widget elementor-widget-text-editor\" data-id=\"60ea612\" data-element_type=\"widget\" data-settings=\"{&quot;ekit_we_effect_on&quot;:&quot;none&quot;}\" data-widget_type=\"text-editor.default\">\n\t\t\t\t<div class=\"elementor-widget-container\">\n\t\t\t\t\t\t\t\t\t<p><strong>Ahora no me puedo morir<\/strong><br \/>Marcela Matta \u2013 Uruguay<\/p><p><strong>Andy Adler, un rockero inadaptado<\/strong><br \/>Clara Touris \u2013 Uruguay<\/p><p><strong>Cecilia, el caso de los vinos envenenados<\/strong><br \/>Mateo Guti\u00e9rrez &#8211; Uruguay<\/p><p><strong>Cuerpo inc\u00f3modo<\/strong><br \/>Estefan\u00eda Mart\u00ednez \u2013 Uruguay<\/p><p><strong>Entre el cine y el mar<\/strong><br \/>Juan Pablo Lepra Oliver \u2013 Uruguay<\/p><p><strong>La investigadora<\/strong><br \/>Cristina Nigro \u2013 Argentina<\/p><p><strong>Las ilusiones<\/strong><br \/>Leticia Cuba \u2013 Uruguay<\/p><p><strong>Nosotros tambi\u00e9n estamos<\/strong><br \/>Mart\u00edn Senderowicz \u2013 Argentina<\/p><p><strong>Pablo H.<\/strong><br \/>Felipe Gil \u2013 Colombia<\/p><p><strong>Yvoty<\/strong><br \/>Flora Campero \u2013 Argentina<\/p>\t\t\t\t\t\t\t\t<\/div>\n\t\t\t\t<\/div>\n\t\t\t\t\t<\/div>\n\t\t\t\t<\/div>\n\t\t<div class=\"elementor-element elementor-element-35a5629 e-flex e-con-boxed e-con e-child\" data-id=\"35a5629\" data-element_type=\"container\" data-settings=\"{&quot;ekit_has_onepagescroll_dot&quot;:&quot;yes&quot;}\">\n\t\t\t\t\t<div class=\"e-con-inner\">\n\t\t\t\t<div class=\"elementor-element elementor-element-d68bc23 elementor-widget elementor-widget-heading\" data-id=\"d68bc23\" data-element_type=\"widget\" data-settings=\"{&quot;ekit_we_effect_on&quot;:&quot;none&quot;}\" data-widget_type=\"heading.default\">\n\t\t\t\t<div class=\"elementor-widget-container\">\n\t\t\t\t\t<h2 class=\"elementor-heading-title elementor-size-default\">CONVOCATORIA AL PREMIO DOCUMENTAL EN CONSTRUCCI\u00d3N \/ WIP 2023<\/h2>\t\t\t\t<\/div>\n\t\t\t\t<\/div>\n\t\t\t\t<div class=\"elementor-element elementor-element-3d5413b elementor-widget elementor-widget-spacer\" data-id=\"3d5413b\" data-element_type=\"widget\" data-settings=\"{&quot;ekit_we_effect_on&quot;:&quot;none&quot;}\" data-widget_type=\"spacer.default\">\n\t\t\t\t<div class=\"elementor-widget-container\">\n\t\t\t\t\t\t\t<div class=\"elementor-spacer\">\n\t\t\t<div class=\"elementor-spacer-inner\"><\/div>\n\t\t<\/div>\n\t\t\t\t\t\t<\/div>\n\t\t\t\t<\/div>\n\t\t\t\t<div class=\"elementor-element elementor-element-ba3924a elementor-widget elementor-widget-text-editor\" data-id=\"ba3924a\" data-element_type=\"widget\" data-settings=\"{&quot;ekit_we_effect_on&quot;:&quot;none&quot;}\" data-widget_type=\"text-editor.default\">\n\t\t\t\t<div class=\"elementor-widget-container\">\n\t\t\t\t\t\t\t\t\t<p>En sus ediciones pasadas, Atlantidoc se ha caracterizado por brindar un apoyo decidido a la \u00faltima etapa de la realizaci\u00f3n documental. Es as\u00ed, que ha colaborado al desarrollo de m\u00e1s de 50 proyectos documentales uruguayos, a trav\u00e9s del coaching especializado de realizadores de gran talento y obra destacada internacionalmente. Este a\u00f1o reincidiremos en una nueva apuesta: la finalizaci\u00f3n de los proyectos documentales, en virtud del \u00e9xito obtenido en este tradicional espacio del Festival.<br \/>Nuestro objetivo es contribuir a la conclusi\u00f3n de largometrajes documentales uruguayos que necesiten un impulso final en la edici\u00f3n y\/o postproducci\u00f3n; ya sea por falta de recursos econ\u00f3micos como de talentos especializados para la finalizaci\u00f3n de una obra de valor art\u00edstico y cultural. Entendemos que una cinematograf\u00eda joven como la uruguaya debe recibir apoyos en las distintas etapas de la producci\u00f3n para alcanzar un mayor desarrollo, y eso implica ayudar a sus realizadores a profesionalizarse de la mejor manera.<br \/>Este a\u00f1o haremos los encuentros desde el Centro IGNIS de la Universidad Cat\u00f3lica del Uruguay, el premio lo otorga la Intendencia de Montevideo y la reuni\u00f3n final ser\u00e1 en el Espacio Cultural Tribu.<\/p><h4><strong>BASES 2023\u00a0<\/strong><\/h4><p><strong>Primera. Finalidad del concurso:<\/strong><br \/>El Premio: Documentales en Construcci\u00f3n del Festival Internacional de Cine Documental del Uruguay, Atlantidoc, tiene por objeto contribuir a la conclusi\u00f3n de un largometraje documental (m\u00e1s de 50 minutos) que est\u00e9 en etapa de montaje y\/ o postproducci\u00f3n. El documental premiado recibir\u00e1 la suma de $ 100.000 (cien mil pesos uruguayos) en efectivo para destinar a gastos de finalizaci\u00f3n.<\/p><p><strong>Segunda. Requisitos y condiciones de participaci\u00f3n:<\/strong><br \/>Pueden postularse cualquier documental uruguayo que est\u00e9 en condiciones de ser finalizado en los siguientes 12 meses a la fecha de realizaci\u00f3n del concurso (a saber, 16 y 17 de octubre de 2023); que sea una producci\u00f3n netamente uruguaya o coproducci\u00f3n mayoritariamente uruguaya (la participaci\u00f3n extranjera no puede superar el 45% del total del documental). Para presentarse deber\u00e1 completar la ficha de inscripci\u00f3n que incluye el link a una copia digital del largometraje documental antes del d\u00eda 15 de setiembre de 2023, a las 18 horas.<\/p><p>La organizaci\u00f3n del Festival Atlantidoc pre-seleccionar\u00e1 hasta 6 proyectos para concursar por el premio \u00abDocumentales en construcci\u00f3n 2023\u00bb, de acuerdo a las presentes bases, sin ning\u00fan tipo de limitaci\u00f3n de estilo o forma.<\/p><p><strong>Tercera. Evaluaci\u00f3n y jurado:<\/strong><br \/>Un jurado de tres miembros, integrado por cineastas de primer nivel internacional, uruguayos y extranjeros, visionar\u00e1 las obras editadas, dialogar\u00e1 con cada producci\u00f3n y seleccionar\u00e1 el documental ganador.<\/p><ul><li>El jurado tendr\u00e1 en cuenta los siguientes criterios:<br \/>\u2022 Concepci\u00f3n art\u00edstica del documental (2 puntos)<br \/>\u2022 Realizaci\u00f3n t\u00e9cnica (2)<br \/>\u2022 Originalidad (2)<br \/>\u2022 Contribuci\u00f3n a la producci\u00f3n nacional (2)<br \/>\u2022 Tem\u00e1tica vinculada a la creaci\u00f3n cultural nacional (2)<br \/>Las decisiones del jurado ser\u00e1n inapelables.<\/li><\/ul><p><strong>Cuarta. Devoluciones del Jurado:<\/strong><br \/>Cada producci\u00f3n recibir\u00e1 devoluciones espec\u00edficas del Jurado, que les permitir\u00e1n mejorar el trabajo realizado o encauzarlo diferentemente si as\u00ed lo consideran. El objetivo es aprovechar la experiencia de los jurados y consultarlos sobre posibles caminos para completar la obra para un acabado m\u00e1s profesional y art\u00edstico de los documentales. Las mismas se brindar\u00e1n en reuniones virtuales a trav\u00e9s de la plataforma zoom, a coordinar los d\u00edas 16 y 17 de octubre de 2023.<\/p><p><strong>Quinta. Obligaciones de la casa productora ganadora:<\/strong><br \/>La casa productora ganadora se obliga a incluir en los cr\u00e9ditos iniciales de la pel\u00edcula que es la ganadora del \u00abPremio Documentales en Construcci\u00f3n 2023 del Festival Internacional de Cine Documental del Uruguay, Atlantidoc\u00bb incluyendo el logotipo del Festival, lo que deber\u00e1 hacer tambi\u00e9n en todo el material promocional y publicitario del documental.<br \/>Adicionalmente autorizar\u00e1 a las instituciones y empresas auspiciantes del Festival que utilicen la menci\u00f3n del premio como material de promoci\u00f3n de sus propias actividades.<\/p><p><strong>Sexta.- Obligaciones de los Auspiciantes del premio:<\/strong><br \/>El anuncio del documental ganador se har\u00e1 p\u00fablico en el marco del Festival Atlantidoc. Representantes designados por las instituciones patrocinadoras entregar\u00e1n el premio en el Acto de cierre del Festival Internacional de Cine Documental del Uruguay, Atlantidoc.<br \/>La postulaci\u00f3n a este llamado implica el reconocimiento y la aceptaci\u00f3n de todas las condiciones de participaci\u00f3n expresadas en las presentes bases.<\/p>\t\t\t\t\t\t\t\t<\/div>\n\t\t\t\t<\/div>\n\t\t\t\t<div class=\"elementor-element elementor-element-9d7fbc2 elementor-widget elementor-widget-text-editor\" data-id=\"9d7fbc2\" data-element_type=\"widget\" data-settings=\"{&quot;ekit_we_effect_on&quot;:&quot;none&quot;}\" data-widget_type=\"text-editor.default\">\n\t\t\t\t<div class=\"elementor-widget-container\">\n\t\t\t\t\t\t\t\t\t<h4>JURADO DEL WIP ATLANTIDOC 2023<\/h4><p><strong>Anna Jancso &#8211; Hungr\u00eda<\/strong><br \/><img loading=\"lazy\" decoding=\"async\" class=\" wp-image-2589 alignright\" src=\"https:\/\/atlantidoc.com\/site\/wp-content\/uploads\/2024\/01\/362232786_10230393688127763_7683122619250740169_n-e1705265930956-650x433.jpg\" alt=\"\" width=\"350\" height=\"234\" srcset=\"https:\/\/atlantidoc.com\/site\/wp-content\/uploads\/2024\/01\/362232786_10230393688127763_7683122619250740169_n-e1705265930956-650x433.jpg 650w, https:\/\/atlantidoc.com\/site\/wp-content\/uploads\/2024\/01\/362232786_10230393688127763_7683122619250740169_n-e1705265930956-325x217.jpg 325w\" sizes=\"(max-width: 350px) 100vw, 350px\" \/>Como experimentado profesional de la comunicaci\u00f3n y el cine, procedente de una familia de cineastas de renombre internacional, me siento igual de c\u00f3modo ante una p\u00e1gina en blanco que ante una pantalla en blanco y me encanta el reto de crear una historia a partir de la m\u00e1s peque\u00f1a de las ideas. Mi pasi\u00f3n es la comunicaci\u00f3n, ya sea en forma de art\u00edculo, documental, proyecto de animaci\u00f3n multiplataforma o largometraje. Y cuando se trata de lidiar con idiomas y culturas, soy su mejor baza.<br \/>Tengo una amplia experiencia laboral internacional en diversas funciones en departamentos de producci\u00f3n de cine y televisi\u00f3n; en la oficina, en el plat\u00f3 y en emisiones exteriores. He producido contenidos originales, as\u00ed como servicios de producci\u00f3n de programas complejos y de alto nivel, con presupuestos peque\u00f1os y grandes. Como gestor de proyectos con experiencia en el sector del cine y los medios de comunicaci\u00f3n, soy capaz de crear equipos y procesos muy eficaces en un plazo muy breve.<br \/>He dirigido peque\u00f1os equipos de documentales de 3 a 5 personas en lugares tan dif\u00edciles como la Rep\u00fablica Democr\u00e1tica del Congo o una diminuta isla del Atl\u00e1ntico Sur, grandes equipos de rodaje de largometrajes en Londres y coordinado a 15 c\u00e1maras, tramoyistas y una orquesta sinf\u00f3nica en Nochevieja en el centro de Buenos Aires.<\/p><p><strong>Giba Assis Brasil &#8211; Brasil<\/strong><br \/><img loading=\"lazy\" decoding=\"async\" class=\" wp-image-2593 alignright\" src=\"https:\/\/atlantidoc.com\/site\/wp-content\/uploads\/2024\/01\/362236323_10230393681367594_774240977668403359_n-650x433.jpg\" alt=\"\" width=\"350\" height=\"233\" srcset=\"https:\/\/atlantidoc.com\/site\/wp-content\/uploads\/2024\/01\/362236323_10230393681367594_774240977668403359_n-650x433.jpg 650w, https:\/\/atlantidoc.com\/site\/wp-content\/uploads\/2024\/01\/362236323_10230393681367594_774240977668403359_n-325x217.jpg 325w\" sizes=\"(max-width: 350px) 100vw, 350px\" \/>Montajista de cine y televisi\u00f3n. Integrante de la Casa de Cinema de Porto Alegre desde 1987. Profesor del curso de Realizaci\u00f3n Audiovisual de Unisinos desde 2003, tambi\u00e9n dio aulas en la UFRGS entre 1994 y 2005.<br \/>Guionista de los largometrajes ME BEIJA (1984), O MENTIROSO (1988) y SUPER COLOSSO (1995), de las miniseries de TV AGOSTO (1993) y LUNA CALIENTE<br \/>(1998). L\u00edder del N\u00facleo creativo de la Casa de Cinema de Porto Alegre, 20152019. Codirigi\u00f3 el largometraje VERDES ANOS (1984) y el largo en super-8 DEU PRA TI ANOS 70 (1981).<br \/>Montajista de 23 largometrajes: TOLER\u00c2NCIA (2000), HOUVE UMA VEZ DOIS VER\u00d5ES (2002), O HOMEM QUE COPIAVA (2003), MEU TIO MATOU UM CARA (2005), SAL DE PRATA (2005), SANEAMENTO B\u00c1SICO, O FILME (2007), \u00d3 PA\u00cd \u00d3 (2007), 3 EFES (2007), GIGANTE, COMO O INTER CONQUISTOU O MUNDO (2007), NADA VAI NOS SEPARAR (2009), QUASE UM TANGO (2009), ANTES QUE O MUNDO ACABE (2010), A ANTROP\u00d3LOGA (2011), MENOS QUE NADA (2012), EL PADRE DE GARDEL (2013), O MERCADO DE NOT\u00cdCIAS (2014), REAL BELEZA (2015), ANAU\u00ca (2017), QUEM \u00c9 PRIMAVERA DAS NEVES (2017), PARA\u00cdSO PERDIDO (2018), RASGA CORA\u00c7\u00c3O (2018), AOS OLHOS DE ERNESTO (2019) y VAI DAR NADA (2022).<br \/>Montajista de m\u00e1s de 40 cortometrajes, entre ellos ILHA DAS FLORES (1989), ESTA N\u00c3O \u00c9 A SUA VIDA (1991), DEUS EX-MACHINA (1995), DONA CRISTINA PERDEU A MEM\u00d3RIA (2002) y CRETIN\u00c1LIA (2020); montajista de m\u00e1s de 100 episodios de televisi\u00f3n, para series como BRAVA GENTE (2001), CONTOS DE INVERNO (2001-2002), CENA ABERTA (2003), DECAMER\u00c3O, A COM\u00c9DIA DO SEXO (2009), MULHER DE FASES (2011), DOCE DE M\u00c3E (2014), GRANDES CENAS (2016, 2022), O COMPLEXO (2021) y DRAGON (pronto para ser estrenado).<\/p><p><strong>Alberto Ponce \u2013 Argentina<\/strong><br \/><strong style=\"font-size: 16px; font-style: normal;\"><img loading=\"lazy\" decoding=\"async\" class=\" wp-image-2567 alignright\" src=\"https:\/\/atlantidoc.com\/site\/wp-content\/uploads\/2024\/01\/alberto-2-650x433.jpeg\" alt=\"\" width=\"350\" height=\"234\" srcset=\"https:\/\/atlantidoc.com\/site\/wp-content\/uploads\/2024\/01\/alberto-2-650x433.jpeg 650w, https:\/\/atlantidoc.com\/site\/wp-content\/uploads\/2024\/01\/alberto-2-325x217.jpeg 325w\" sizes=\"(max-width: 350px) 100vw, 350px\" \/><\/strong>Es egresado de la Escuela Internacional de Cine y Televisi\u00f3n de San Antonio de los Ba\u00f1os, Cuba (EICTV) en la especialidad de Montaje. Ha dictado cursos, talleres, seminarios y conferencias en Argentina, Brasil, Colombia, Cuba, Chile, Espa\u00f1a, M\u00e9xico, Rep\u00fablica Dominicana, Uruguay y Venezuela.<br \/>Ha editado m\u00e1s de 80 largometrajes en 12 pa\u00edses y colaborado con directores como Leonardo Favio, Pino Solanas, Dami\u00e1n Szifr\u00f3n, Adri\u00e1n Caetano, Diego Lerman, Jorge Al\u00ed Triana, entre otros. Ha obtenido el Premio Coral a la Mejor Edici\u00f3n en el Festival de La Habana 2006 y el C\u00f3ndor de Plata al Mejor Montaje, ambos por la pel\u00edcula \u00abCr\u00f3nica de una fuga\u00bb de Adri\u00e1n Caetano.<br \/>Es miembro fundador de la Sociedad Argentina de Editores Audiovisuales (SAE) de la cual fue Presidente entre 2017\/18. Ha recibido en dos oportunidades el Premio al Mejor Montaje otorgado por esta asociaci\u00f3n.<br \/>Ha publicado el libro \u00abLa pel\u00edcula manda: conversaciones sobre el montaje cinematogr\u00e1fico en Argentina\u00bb.<br \/>Es miembro de la Academia de las Artes y Ciencias Cinematogr\u00e1ficas de la Argentina.<br \/>En 2023 recibi\u00f3 el premio Leonardo Favio a la Trayectoria, otorgado por la Asociaci\u00f3n de Cronistas Cinematogr\u00e1ficos de Argentina.<\/p>\t\t\t\t\t\t\t\t<\/div>\n\t\t\t\t<\/div>\n\t\t\t\t\t<\/div>\n\t\t\t\t<\/div>\n\t\t\t\t<\/div>\n\t\t<div class=\"elementor-element elementor-element-4ab6a9c e-flex e-con-boxed e-con e-parent\" data-id=\"4ab6a9c\" data-element_type=\"container\" data-settings=\"{&quot;ekit_has_onepagescroll_dot&quot;:&quot;yes&quot;}\">\n\t\t\t\t\t<div class=\"e-con-inner\">\n\t\t<div class=\"elementor-element elementor-element-d3d2af2 e-con-full e-flex e-con e-child\" data-id=\"d3d2af2\" data-element_type=\"container\" data-settings=\"{&quot;ekit_has_onepagescroll_dot&quot;:&quot;yes&quot;}\">\n\t\t\t\t<div class=\"elementor-element elementor-element-063ec5e elementor-widget elementor-widget-text-editor\" data-id=\"063ec5e\" data-element_type=\"widget\" data-settings=\"{&quot;ekit_we_effect_on&quot;:&quot;none&quot;}\" data-widget_type=\"text-editor.default\">\n\t\t\t\t<div class=\"elementor-widget-container\">\n\t\t\t\t\t\t\t\t\t<h6 style=\"text-align: center;\">Una producci\u00f3n de:<img loading=\"lazy\" decoding=\"async\" class=\"alignnone wp-image-698 aligncenter\" src=\"https:\/\/atlantidoc.com\/site\/wp-content\/uploads\/2024\/01\/01-la-compania-cine-logo-edit-500x433.png\" alt=\"\" width=\"300\" height=\"260\" \/><\/h6>\t\t\t\t\t\t\t\t<\/div>\n\t\t\t\t<\/div>\n\t\t\t\t<\/div>\n\t\t<div class=\"elementor-element elementor-element-58d3178 e-con-full e-flex e-con e-child\" data-id=\"58d3178\" data-element_type=\"container\" data-settings=\"{&quot;ekit_has_onepagescroll_dot&quot;:&quot;yes&quot;}\">\n\t\t\t\t<div class=\"elementor-element elementor-element-2ed1aa4 elementor-widget elementor-widget-text-editor\" data-id=\"2ed1aa4\" data-element_type=\"widget\" data-settings=\"{&quot;ekit_we_effect_on&quot;:&quot;none&quot;}\" data-widget_type=\"text-editor.default\">\n\t\t\t\t<div class=\"elementor-widget-container\">\n\t\t\t\t\t\t\t\t\t<h6 style=\"text-align: center;\">Actividad en coordinaci\u00f3n con:<\/h6><p><br \/><img loading=\"lazy\" decoding=\"async\" class=\"wp-image-2310 aligncenter\" src=\"https:\/\/atlantidoc.com\/site\/wp-content\/uploads\/2024\/01\/11-ignis-ucu-logo-edit-crop.png\" alt=\"\" width=\"411\" height=\"110\" \/><\/p>\t\t\t\t\t\t\t\t<\/div>\n\t\t\t\t<\/div>\n\t\t\t\t<\/div>\n\t\t\t\t\t<\/div>\n\t\t\t\t<\/div>\n\t\t<div class=\"elementor-element elementor-element-88068d7 e-flex e-con-boxed e-con e-parent\" data-id=\"88068d7\" data-element_type=\"container\" data-settings=\"{&quot;ekit_has_onepagescroll_dot&quot;:&quot;yes&quot;}\">\n\t\t\t\t\t<div class=\"e-con-inner\">\n\t\t\t\t<div class=\"elementor-element elementor-element-a225693 elementor-widget elementor-widget-menu-anchor\" data-id=\"a225693\" data-element_type=\"widget\" data-settings=\"{&quot;ekit_we_effect_on&quot;:&quot;none&quot;}\" data-widget_type=\"menu-anchor.default\">\n\t\t\t\t<div class=\"elementor-widget-container\">\n\t\t\t\t\t\t\t<div class=\"elementor-menu-anchor\" id=\"SeminarioTallerdeguion2023\"><\/div>\n\t\t\t\t\t\t<\/div>\n\t\t\t\t<\/div>\n\t\t<div class=\"elementor-element elementor-element-5907248 e-flex e-con-boxed e-con e-child\" data-id=\"5907248\" data-element_type=\"container\" data-settings=\"{&quot;ekit_has_onepagescroll_dot&quot;:&quot;yes&quot;}\">\n\t\t\t\t\t<div class=\"e-con-inner\">\n\t\t\t\t<div class=\"elementor-element elementor-element-96e1062 elementor-widget elementor-widget-heading\" data-id=\"96e1062\" data-element_type=\"widget\" data-settings=\"{&quot;ekit_we_effect_on&quot;:&quot;none&quot;}\" data-widget_type=\"heading.default\">\n\t\t\t\t<div class=\"elementor-widget-container\">\n\t\t\t\t\t<h3 class=\"elementor-heading-title elementor-size-default\">SEMINARIO-TALLER DE GUION DE LARGOMETRAJE DOCUMENTAL 2023<\/h3>\t\t\t\t<\/div>\n\t\t\t\t<\/div>\n\t\t\t\t<div class=\"elementor-element elementor-element-32b964f elementor-widget elementor-widget-spacer\" data-id=\"32b964f\" data-element_type=\"widget\" data-settings=\"{&quot;ekit_we_effect_on&quot;:&quot;none&quot;}\" data-widget_type=\"spacer.default\">\n\t\t\t\t<div class=\"elementor-widget-container\">\n\t\t\t\t\t\t\t<div class=\"elementor-spacer\">\n\t\t\t<div class=\"elementor-spacer-inner\"><\/div>\n\t\t<\/div>\n\t\t\t\t\t\t<\/div>\n\t\t\t\t<\/div>\n\t\t\t\t<div class=\"elementor-element elementor-element-c7be08d elementor-fixed elementor-widget elementor-widget-progress-tracker\" data-id=\"c7be08d\" data-element_type=\"widget\" data-settings=\"{&quot;_position&quot;:&quot;fixed&quot;,&quot;type&quot;:&quot;horizontal&quot;,&quot;relative_to&quot;:&quot;entire_page&quot;,&quot;percentage&quot;:&quot;no&quot;,&quot;ekit_we_effect_on&quot;:&quot;none&quot;}\" data-widget_type=\"progress-tracker.default\">\n\t\t\t\t<div class=\"elementor-widget-container\">\n\t\t\t\t\t\n\t\t<div class=\"elementor-scrolling-tracker elementor-scrolling-tracker-horizontal elementor-scrolling-tracker-alignment-\">\n\t\t\t\t\t\t<div class=\"current-progress\">\n\t\t\t\t\t<div class=\"current-progress-percentage\"><\/div>\n\t\t\t\t<\/div>\n\t\t\t\t<\/div>\n\t\t\t\t\t\t<\/div>\n\t\t\t\t<\/div>\n\t\t\t\t<div class=\"elementor-element elementor-element-769ee5c elementor-widget elementor-widget-text-editor\" data-id=\"769ee5c\" data-element_type=\"widget\" data-settings=\"{&quot;ekit_we_effect_on&quot;:&quot;none&quot;}\" data-widget_type=\"text-editor.default\">\n\t\t\t\t<div class=\"elementor-widget-container\">\n\t\t\t\t\t\t\t\t\t<p><em>Mejores guiones = Mejor cine<\/em><\/p><p>ATLANTIDOC llama a inscripciones para el Taller sobre Guiones de largometraje documental que tendr\u00e1 lugar durante el D\u00e9cimo S\u00e9ptimo Festival Internacional de Cine Documental del Uruguay \u2013 ATLANTIDOC 2023, con el objetivo de mejorar la capacitaci\u00f3n en el sector, a partir de proyectos concretos.<\/p><p>La filosof\u00eda de los talleres que realiza Atlantidoc, desde 2007, apunta a cubrir necesidades de los profesionales de nuestro medio, sobre todo en esas \u00e1reas donde nuestro pa\u00eds y la regi\u00f3n tienen carencias notorias. En tal sentido cabe mencionar que hemos tenido \u00e9xito, confirmado por los proyectos que se trabajaron en el festival y obtuvieron una trayectoria nacional e internacional destacada.<br \/>&#8211; Armar un guion para ser presentado a concurso o a un coproductor no es trabajo simple, requiere de una serie de conocimientos no siempre disponibles en los manuales y en los diferentes espacios de formaci\u00f3n. El aspecto creativo y el \u00e1rea productiva se deben unir para dar a luz una obra que finalmente se proyecte al p\u00fablico. Este proceso ser\u00e1 el que nos ocupe, en tal sentido aceptaremos a todo realizador, con mucha o poca experiencia documental, que tenga un buen proyecto.<\/p><p>&#8211; El Taller presentar\u00e1, durante los cuatro d\u00edas, un documentalista activo y reconocido internacionalmente, con amplia experiencia profesional en desarrollo de proyectos documentales.<\/p><p><strong>INSCRIPCIONES:<\/strong> A partir del 2 de julio y hasta el 2 de setiembre se recibir\u00e1n las propuestas, seleccionar\u00e1 un m\u00e1ximo de 10 postulantes que participar\u00e1n del Taller, 5 de Uruguay y 5 de Am\u00e9rica del Sur, durante las exhibiciones de Atlantidoc, en el balneario Piri\u00e1polis, del departamento de Maldonado. El d\u00eda 11 de setiembre daremos a conocer los seleccionados.<\/p><p>&#8211; La propuesta de trabajo ser\u00e1 de car\u00e1cter individual: fundamentalmente pr\u00e1ctico entre docente y alumno, desarrollando cada proyecto, de tal modo que su culminaci\u00f3n sea el producto del proceso educativo propuesto. Tambi\u00e9n habr\u00e1 instancias colectivas, sobre todo a comienzo y fin del taller, para socializar el trabajo de aprendizaje. Es muy importante tambi\u00e9n la formaci\u00f3n de redes que permitan entablar contactos con otros realizadores y productores que ayuden a concretar los proyectos. Por eso los talleres son para documentalistas latinoamericanos y la experiencia nos dice que es fundamental para el desarrollo de nuestros realizadores.<\/p><p>&#8211; Cada postulante debe enviar su proyecto por e-mail a: contacto.atlantidoc@gmail.com, hasta el 2 de setiembre de 2023, a las 20 horas, para su selecci\u00f3n.<\/p><p>Atlantidoc ofrece el Taller propuesto a los seleccionados, alojamiento gratuito en las caba\u00f1as del Centro de Vacaciones de AEBU, de Piri\u00e1polis, durante los cuatro d\u00edas del festival, y entrada a todas las funciones del Festival de manera gratuita, debiendo abonar la suma de 150 d\u00f3lares americanos como matr\u00edcula. Se trata de dar un valor simb\u00f3lico a un seminario de primer nivel internacional, no para cubrir los costos sino en el entendido que todo proceso de aprendizaje tiene una contrapartida del alumno. Las reuniones del seminario ser\u00e1n en el propio Centro de Vacaciones.<\/p><p><strong>TALLER:<\/strong> El d\u00eda lunes 23 de octubre dar\u00e1 comienzo el Taller, por la tarde se har\u00e1n las acreditaciones, y el viernes 27 de octubre se entregar\u00e1n los diplomas de participaci\u00f3n, por la ma\u00f1ana, a todos los alumnos que terminen debidamente el seminario.<br \/>En el proyecto deber\u00e1 constar:<\/p><p style=\"padding-left: 40px;\">&#8211; Car\u00e1tula: nombre del proyecto, datos de contacto del postulante e informaci\u00f3n sobre antecedentes en lo relativo a su formaci\u00f3n (dos p\u00e1ginas m\u00e1ximo).<\/p><p style=\"padding-left: 40px;\">&#8211; Sinopsis, de 1 p\u00e1gina (de qu\u00e9 se trata la pel\u00edcula)<br \/>&#8211; Tratamiento, de 6 p\u00e1ginas como m\u00e1ximo (de que manera piensa contar la historia)<br \/>&#8211; Motivaci\u00f3n, de 2 p\u00e1ginas como m\u00e1ximo (por qu\u00e9 quiere realizar esta pel\u00edcula)<br \/>&#8211; Presupuesto, en d\u00f3lares, de la producci\u00f3n del proyecto &#8211; Plan financiero, si lo hubiere.<br \/>&#8211; Bio-filmograf\u00eda del realizador y del productor (no excluyente) &#8211; Ficha t\u00e9cnica, si la hubiere.<br \/>&#8211; Avances de investigaci\u00f3n (incluyendo personajes, locaciones, referencias sobre el tema (escritos, textos, investigaciones, referencias de otros documentales etc.).<\/p><p>Los seleccionados deber\u00edan llevar al taller una bit\u00e1cora escrita o digital de sus avances de investigaci\u00f3n con fotos, eventualmente video etc.<\/p><p>Los seleccionados recibir\u00e1n oportunamente la comunicaci\u00f3n del Festival con las instrucciones a seguir, sobre todo para llegar a Piri\u00e1polis y tener todas las coordenadas necesarias. Contamos con el apoyo de la profesora Natalia Espasand\u00edn, de la UCU, para la selecci\u00f3n de los guiones.<\/p>\t\t\t\t\t\t\t\t<\/div>\n\t\t\t\t<\/div>\n\t\t\t\t<div class=\"elementor-element elementor-element-7b5a34f elementor-widget elementor-widget-text-editor\" data-id=\"7b5a34f\" data-element_type=\"widget\" data-settings=\"{&quot;ekit_we_effect_on&quot;:&quot;none&quot;}\" data-widget_type=\"text-editor.default\">\n\t\t\t\t<div class=\"elementor-widget-container\">\n\t\t\t\t\t\t\t\t\t<h5><img loading=\"lazy\" decoding=\"async\" class=\"wp-image-2325 alignright\" src=\"https:\/\/atlantidoc.com\/site\/wp-content\/uploads\/2024\/01\/corcuera-650x433.jpg\" alt=\"\" width=\"405\" height=\"269\" \/>Docente del Seminario-Taller de guion<\/h5><p><strong>Javier Corcuera<\/strong><br \/>Per\u00fa\/Espa\u00f1a<\/p><p>Director y guionista de documentales peruano. Entre sus obras figuran \u00abLa espalda del mundo\u00bb, \u00abInvierno en Bagdad\u00bb, \u00abInvisibles\u00bb (cap. La voz de las piedras), \u00abSigo siendo\u00bb (Kachkaniraqmi) y \u00abEl viaje de Javier Heraud\u00bb.<\/p><p>Curs\u00f3 sus estudios de cine en Per\u00fa y se licenci\u00f3 en ciencias de la imagen en la Universidad Complutense de Madrid. Su primer largometraje \u00abLa espalda del mundo\u00bb, producida por El\u00edas Querejeta, adopta tres relatos con el tema de las violaciones de los derechos humanos en EE. UU., Turqu\u00eda y Per\u00fa. Por este se le concedi\u00f3 el Premio de la Cr\u00edtica Internacional en el Festival Internacional de Cine de San Sebasti\u00e1n (2000) y el premio OCIC del Festival Internacional del Nuevo Cine Latinoamericano de La Habana. Es director y fundador del Festival Internacional de cine del Sahara (FiSahara) desde 2003.<\/p><p>Su segundo largometraje se titula \u00abLa guerrilla de la memoria\u00bb (2002), donde se remonta a una parte de la historia de Espa\u00f1a que ya hab\u00eda quedado olvidada. La pel\u00edcula trata de un grupo de hombres y mujeres que, terminada la guerra civil, se niegan a admitir la derrota y siguen luchando en los montes de Espa\u00f1a contra Franco.<\/p><p>En el 2004 participa en la pel\u00edcula \u00abEn el mundo, a cada rato\u00bb, junto a cuatro directores m\u00e1s. Esta es un quinteto de cortometrajes que tratan el tema de la infancia en cinco lugares del mundo. Corcuera dirige el relato titulado Hijas de Bel\u00e9n, filmado en Iquitos. En el 2005 realiz\u00f3 su siguiente largometraje \u00abInvierno en Bagdad\u00bb, producido por El\u00edas Querejeta. Este se rod\u00f3 antes y durante la ocupaci\u00f3n norteamericana en Irak. Adem\u00e1s recibi\u00f3 el premio a Mejor pel\u00edcula documental en el Festival de M\u00e1laga de Cine Espa\u00f1ol (2005), Mejor pel\u00edcula documental del festival Internacional de Cine Latino de Los \u00c1ngeles (2005), entre otros.<\/p><p>El 2007 obtuvo el Goya de la Academia de las Artes y las Ciencias Cinematogr\u00e1ficas de Espa\u00f1a por \u00abInvisibles\u00bb, producida por Javier Bardem. En este realiz\u00f3 el cap\u00edtulo \u00abLa voz de las piedras\u00bb sobre la guerra interna en Colombia. Luego realiza \u00abCheck Point Rock o Canciones desde Palestina\u00bb, un documental sobre la ocupaci\u00f3n en Palestina desde la mirada de sus m\u00fasicos. Su \u00faltima pel\u00edcula \u00abSigo siendo\u00bb (Kachkaniraqmi) gan\u00f3 el Festival de Cine de Lima como Mejor Pel\u00edcula Documental Latinoamericana (Lima, 2013) entre otros 15 premios internacionales.<\/p><p>En abril de 2022 le fue otorgado la distinci\u00f3n por trayectoria profesional en Espiello, el Festival Internacional de Documental Etnogr\u00e1fico de Sobrarbe, en la comarca hom\u00f3nima en el norte de Arag\u00f3n en Espa\u00f1a.<\/p><p>Su \u00faltimo documental es \u00abNo somos nada\u00bb, sobre el grupo La Polla Records y actualmente se encuentra filmando una serie documental.<\/p><p>Con \u00abEl viaje de Javier Heraud\u00bb gan\u00f3 el premio a Mejor Documental del Festival Atlantidoc 2021.<\/p>\t\t\t\t\t\t\t\t<\/div>\n\t\t\t\t<\/div>\n\t\t\t\t\t<\/div>\n\t\t\t\t<\/div>\n\t\t<div class=\"elementor-element elementor-element-b59b463 e-flex e-con-boxed e-con e-child\" data-id=\"b59b463\" data-element_type=\"container\" data-settings=\"{&quot;ekit_has_onepagescroll_dot&quot;:&quot;yes&quot;}\">\n\t\t\t\t\t<div class=\"e-con-inner\">\n\t\t\t\t<div class=\"elementor-element elementor-element-90652e5 elementor-widget elementor-widget-heading\" data-id=\"90652e5\" data-element_type=\"widget\" data-settings=\"{&quot;ekit_we_effect_on&quot;:&quot;none&quot;}\" data-widget_type=\"heading.default\">\n\t\t\t\t<div class=\"elementor-widget-container\">\n\t\t\t\t\t<h2 class=\"elementor-heading-title elementor-size-default\">SELECCIONADOS PARA TRABAJAR EN EL TALLER FILMADOC 2023<\/h2>\t\t\t\t<\/div>\n\t\t\t\t<\/div>\n\t\t\t\t<div class=\"elementor-element elementor-element-0008444 elementor-widget elementor-widget-spacer\" data-id=\"0008444\" data-element_type=\"widget\" data-settings=\"{&quot;ekit_we_effect_on&quot;:&quot;none&quot;}\" data-widget_type=\"spacer.default\">\n\t\t\t\t<div class=\"elementor-widget-container\">\n\t\t\t\t\t\t\t<div class=\"elementor-spacer\">\n\t\t\t<div class=\"elementor-spacer-inner\"><\/div>\n\t\t<\/div>\n\t\t\t\t\t\t<\/div>\n\t\t\t\t<\/div>\n\t\t\t\t<div class=\"elementor-element elementor-element-3a20815 elementor-fixed elementor-widget elementor-widget-progress-tracker\" data-id=\"3a20815\" data-element_type=\"widget\" data-settings=\"{&quot;_position&quot;:&quot;fixed&quot;,&quot;type&quot;:&quot;horizontal&quot;,&quot;relative_to&quot;:&quot;entire_page&quot;,&quot;percentage&quot;:&quot;no&quot;,&quot;ekit_we_effect_on&quot;:&quot;none&quot;}\" data-widget_type=\"progress-tracker.default\">\n\t\t\t\t<div class=\"elementor-widget-container\">\n\t\t\t\t\t\n\t\t<div class=\"elementor-scrolling-tracker elementor-scrolling-tracker-horizontal elementor-scrolling-tracker-alignment-\">\n\t\t\t\t\t\t<div class=\"current-progress\">\n\t\t\t\t\t<div class=\"current-progress-percentage\"><\/div>\n\t\t\t\t<\/div>\n\t\t\t\t<\/div>\n\t\t\t\t\t\t<\/div>\n\t\t\t\t<\/div>\n\t\t\t\t<div class=\"elementor-element elementor-element-587c54c elementor-widget elementor-widget-text-editor\" data-id=\"587c54c\" data-element_type=\"widget\" data-settings=\"{&quot;ekit_we_effect_on&quot;:&quot;none&quot;}\" data-widget_type=\"text-editor.default\">\n\t\t\t\t<div class=\"elementor-widget-container\">\n\t\t\t\t\t\t\t\t\t<p>Como indica el Reglamento del Taller Filmadoc, espacio del festival Atlantidoc que est\u00e1 cumpliendo ya 10 a\u00f1os de existencia y \u00e9xitos, algunos de los 50 documentales realizados los pueden ver en youtube, damos a conocer los grupos seleccionados para trabajar este a\u00f1o.<\/p><p>Reunido el Jurado el 20 de junio de 2023, analizando los 23 proyectos de estudiantes de secundaria de todo el pa\u00eds presentados, hemos elegido los que m\u00e1s se adaptan a las bases del taller y consideremos pueden desarrollar un buen proceso de aprendizaje, tanto para alumnos como docentes.<\/p><p>Luego del estudio de los proyectos y en funci\u00f3n de la originalidad de las ideas, el inter\u00e9s del tema, el tratamiento audiovisual propuesto y la viabilidad de su realizaci\u00f3n, se seleccionan los siguientes 5 proyectos para participar en la formaci\u00f3n Filmadoc 2023:<\/p><p><strong>Instituci\u00f3n: IFD San Ram\u00f3n CFE Canelones<\/strong><br \/>Proyecto: Anina en voces de sus creadores<br \/>Docente: Bettina Delagado<br \/>Estudiantes: Catalina Bentancor, Laura Fern\u00e1ndez, Daiana P\u00e9rez, Natalia Panizza, Eugenia<br \/>Peluffo, Andr\u00e9s Acosta<\/p><p><strong>Instituci\u00f3n: ITS, Buceo Montevideo<\/strong><br \/>Proyecto: Vida adolescente<br \/>Docente: Adriana Nartallo<br \/>Estudiantes: Abigail Techera, Milagros Rosa, Dylan Barrera, Stephanie Peloche,<br \/>Melany S\u00e1nchez y Franco Dos Santos.<\/p><p><strong>Instituci\u00f3n: IFES, CFE, Montevideo<\/strong><br \/>Proyecto: Trayectorias j\u00f3venes migrantes<br \/>Docente: Marcelo Morales, Gabriela P\u00e9rez, Sof\u00eda Rapa<br \/>Estudiantes: Bel\u00e9n Figueiras, Patricia Fari\u00f1o, Daiana Armoa y Mauricio Medeiros<\/p><p><strong>Instituci\u00f3n: IFD Melo, CFE, Cerro Largo<\/strong><br \/>Proyecto: Diversidad e inclusi\u00f3n educativa<br \/>Docente: Soraya Barrios<br \/>Estudiantes: Cintia Barcelo, Alejandra Fern\u00e1ndez, Diego P\u00e9rez, Adriano Fari\u00f1a, Allison Da Costa<\/p><p><strong>Instituci\u00f3n: UTU, Salto<\/strong><br \/>Proyecto: Tan cerca tan lejos<br \/>Docente: Salom\u00f3n Reyes y Gabriel Fagian<br \/>Estudiantes: Ana De Le\u00f3n, Camila A\u00f1asco, Candelaria Carbajal, Claudia Gonz\u00e1lez, Santiago<br \/>Rodr\u00edguez, Thiago Da Silva<\/p><p>\u00a1Felicitaciones a todos! Ahora a realizar los documentales, bajo la supervisi\u00f3n del documentalista argentino Cristian Pauls, que ser\u00e1n estrenados el pr\u00f3ximo 20 de octubre dentro de la programaci\u00f3n del 17 Atlantidoc.<\/p>\t\t\t\t\t\t\t\t<\/div>\n\t\t\t\t<\/div>\n\t\t\t\t\t<\/div>\n\t\t\t\t<\/div>\n\t\t\t\t<div class=\"elementor-element elementor-element-8880c6a elementor-widget elementor-widget-spacer\" data-id=\"8880c6a\" data-element_type=\"widget\" data-settings=\"{&quot;ekit_we_effect_on&quot;:&quot;none&quot;}\" data-widget_type=\"spacer.default\">\n\t\t\t\t<div class=\"elementor-widget-container\">\n\t\t\t\t\t\t\t<div class=\"elementor-spacer\">\n\t\t\t<div class=\"elementor-spacer-inner\"><\/div>\n\t\t<\/div>\n\t\t\t\t\t\t<\/div>\n\t\t\t\t<\/div>\n\t\t\t\t\t<\/div>\n\t\t\t\t<\/div>\n\t\t\t\t<\/div>\n\t\t","protected":false},"excerpt":{"rendered":"<p>ATLANTIDOC 17 OCTUBRE 16 AL 29, 2023 PREMIOS Tenemos el gran gusto de comunicarles los fallos de los diferentes jurados del 17 Festival Internacional de Cine Documental del Uruguay, Atlantidoc 2023, agradeciendo infinitamente la seria tarea y profesionalismo de todos y cada uno de los jurados. A continuaci\u00f3n, todos los premios y justificaciones de cada [&hellip;]<\/p>\n","protected":false},"author":1,"featured_media":0,"parent":0,"menu_order":0,"comment_status":"closed","ping_status":"closed","template":"","meta":{"site-sidebar-layout":"no-sidebar","site-content-layout":"","ast-site-content-layout":"full-width-container","site-content-style":"default","site-sidebar-style":"default","ast-global-header-display":"","ast-banner-title-visibility":"","ast-main-header-display":"","ast-hfb-above-header-display":"","ast-hfb-below-header-display":"","ast-hfb-mobile-header-display":"","site-post-title":"disabled","ast-breadcrumbs-content":"","ast-featured-img":"disabled","footer-sml-layout":"","theme-transparent-header-meta":"","adv-header-id-meta":"","stick-header-meta":"","header-above-stick-meta":"","header-main-stick-meta":"","header-below-stick-meta":"","astra-migrate-meta-layouts":"default","ast-page-background-enabled":"default","ast-page-background-meta":{"desktop":{"background-color":"var(--ast-global-color-4)","background-image":"","background-repeat":"repeat","background-position":"center center","background-size":"auto","background-attachment":"scroll","background-type":"","background-media":"","overlay-type":"","overlay-color":"","overlay-opacity":"","overlay-gradient":""},"tablet":{"background-color":"","background-image":"","background-repeat":"repeat","background-position":"center center","background-size":"auto","background-attachment":"scroll","background-type":"","background-media":"","overlay-type":"","overlay-color":"","overlay-opacity":"","overlay-gradient":""},"mobile":{"background-color":"","background-image":"","background-repeat":"repeat","background-position":"center center","background-size":"auto","background-attachment":"scroll","background-type":"","background-media":"","overlay-type":"","overlay-color":"","overlay-opacity":"","overlay-gradient":""}},"ast-content-background-meta":{"desktop":{"background-color":"var(--ast-global-color-5)","background-image":"","background-repeat":"repeat","background-position":"center center","background-size":"auto","background-attachment":"scroll","background-type":"","background-media":"","overlay-type":"","overlay-color":"","overlay-opacity":"","overlay-gradient":""},"tablet":{"background-color":"var(--ast-global-color-5)","background-image":"","background-repeat":"repeat","background-position":"center center","background-size":"auto","background-attachment":"scroll","background-type":"","background-media":"","overlay-type":"","overlay-color":"","overlay-opacity":"","overlay-gradient":""},"mobile":{"background-color":"var(--ast-global-color-5)","background-image":"","background-repeat":"repeat","background-position":"center center","background-size":"auto","background-attachment":"scroll","background-type":"","background-media":"","overlay-type":"","overlay-color":"","overlay-opacity":"","overlay-gradient":""}},"footnotes":""},"class_list":["post-1282","page","type-page","status-publish","hentry"],"yoast_head":"<!-- This site is optimized with the Yoast SEO plugin v27.2 - https:\/\/yoast.com\/product\/yoast-seo-wordpress\/ -->\n<title>ATLANTIDOC17 - 2023 -<\/title>\n<meta name=\"robots\" content=\"index, follow, max-snippet:-1, max-image-preview:large, max-video-preview:-1\" \/>\n<link rel=\"canonical\" href=\"https:\/\/atlantidoc.com\/site\/atlantidoc17-2023\/\" \/>\n<meta property=\"og:locale\" content=\"es_ES\" \/>\n<meta property=\"og:type\" content=\"article\" \/>\n<meta property=\"og:title\" content=\"ATLANTIDOC17 - 2023 -\" \/>\n<meta property=\"og:description\" content=\"ATLANTIDOC 17 OCTUBRE 16 AL 29, 2023 PREMIOS Tenemos el gran gusto de comunicarles los fallos de los diferentes jurados del 17 Festival Internacional de Cine Documental del Uruguay, Atlantidoc 2023, agradeciendo infinitamente la seria tarea y profesionalismo de todos y cada uno de los jurados. A continuaci\u00f3n, todos los premios y justificaciones de cada [&hellip;]\" \/>\n<meta property=\"og:url\" content=\"https:\/\/atlantidoc.com\/site\/atlantidoc17-2023\/\" \/>\n<meta property=\"article:modified_time\" content=\"2024-02-01T23:53:40+00:00\" \/>\n<meta property=\"og:image\" content=\"https:\/\/atlantidoc.com\/site\/wp-content\/uploads\/2024\/01\/atlantidoc-17-cartel-5.jpg\" \/>\n\t<meta property=\"og:image:width\" content=\"1500\" \/>\n\t<meta property=\"og:image:height\" content=\"2100\" \/>\n\t<meta property=\"og:image:type\" content=\"image\/jpeg\" \/>\n<meta name=\"twitter:card\" content=\"summary_large_image\" \/>\n<meta name=\"twitter:label1\" content=\"Est. reading time\" \/>\n\t<meta name=\"twitter:data1\" content=\"20 minutos\" \/>\n<script type=\"application\/ld+json\" class=\"yoast-schema-graph\">{\"@context\":\"https:\/\/schema.org\",\"@graph\":[{\"@type\":\"WebPage\",\"@id\":\"https:\/\/atlantidoc.com\/site\/atlantidoc17-2023\/\",\"url\":\"https:\/\/atlantidoc.com\/site\/atlantidoc17-2023\/\",\"name\":\"ATLANTIDOC17 - 2023 -\",\"isPartOf\":{\"@id\":\"https:\/\/atlantidoc.com\/site\/#website\"},\"primaryImageOfPage\":{\"@id\":\"https:\/\/atlantidoc.com\/site\/atlantidoc17-2023\/#primaryimage\"},\"image\":{\"@id\":\"https:\/\/atlantidoc.com\/site\/atlantidoc17-2023\/#primaryimage\"},\"thumbnailUrl\":\"https:\/\/atlantidoc.com\/site\/wp-content\/uploads\/2024\/01\/atlantidoc-17-cartel-5-768x1075.jpg\",\"datePublished\":\"2024-01-06T19:40:19+00:00\",\"dateModified\":\"2024-02-01T23:53:40+00:00\",\"breadcrumb\":{\"@id\":\"https:\/\/atlantidoc.com\/site\/atlantidoc17-2023\/#breadcrumb\"},\"inLanguage\":\"es-UY\",\"potentialAction\":[{\"@type\":\"ReadAction\",\"target\":[\"https:\/\/atlantidoc.com\/site\/atlantidoc17-2023\/\"]}]},{\"@type\":\"ImageObject\",\"inLanguage\":\"es-UY\",\"@id\":\"https:\/\/atlantidoc.com\/site\/atlantidoc17-2023\/#primaryimage\",\"url\":\"https:\/\/atlantidoc.com\/site\/wp-content\/uploads\/2024\/01\/atlantidoc-17-cartel-5.jpg\",\"contentUrl\":\"https:\/\/atlantidoc.com\/site\/wp-content\/uploads\/2024\/01\/atlantidoc-17-cartel-5.jpg\",\"width\":1500,\"height\":2100},{\"@type\":\"BreadcrumbList\",\"@id\":\"https:\/\/atlantidoc.com\/site\/atlantidoc17-2023\/#breadcrumb\",\"itemListElement\":[{\"@type\":\"ListItem\",\"position\":1,\"name\":\"Home\",\"item\":\"https:\/\/atlantidoc.com\/site\/\"},{\"@type\":\"ListItem\",\"position\":2,\"name\":\"ATLANTIDOC17 &#8211; 2023\"}]},{\"@type\":\"WebSite\",\"@id\":\"https:\/\/atlantidoc.com\/site\/#website\",\"url\":\"https:\/\/atlantidoc.com\/site\/\",\"name\":\"ATLANTIDOC.COM\",\"description\":\"Atlantidoc - Festival Internacional de Cine Documental de Uruguay\",\"publisher\":{\"@id\":\"https:\/\/atlantidoc.com\/site\/#organization\"},\"potentialAction\":[{\"@type\":\"SearchAction\",\"target\":{\"@type\":\"EntryPoint\",\"urlTemplate\":\"https:\/\/atlantidoc.com\/site\/?s={search_term_string}\"},\"query-input\":{\"@type\":\"PropertyValueSpecification\",\"valueRequired\":true,\"valueName\":\"search_term_string\"}}],\"inLanguage\":\"es-UY\"},{\"@type\":\"Organization\",\"@id\":\"https:\/\/atlantidoc.com\/site\/#organization\",\"name\":\"ATLANTIDOC\",\"url\":\"https:\/\/atlantidoc.com\/site\/\",\"logo\":{\"@type\":\"ImageObject\",\"inLanguage\":\"es-UY\",\"@id\":\"https:\/\/atlantidoc.com\/site\/#\/schema\/logo\/image\/\",\"url\":\"https:\/\/atlantidoc.com\/site\/wp-content\/uploads\/2024\/01\/ATLANTIDOC-LOGO-Header-03-yellow-02-01.png\",\"contentUrl\":\"https:\/\/atlantidoc.com\/site\/wp-content\/uploads\/2024\/01\/ATLANTIDOC-LOGO-Header-03-yellow-02-01.png\",\"width\":1460,\"height\":268,\"caption\":\"ATLANTIDOC\"},\"image\":{\"@id\":\"https:\/\/atlantidoc.com\/site\/#\/schema\/logo\/image\/\"}}]}<\/script>\n<!-- \/ Yoast SEO plugin. -->","yoast_head_json":{"title":"ATLANTIDOC17 - 2023 -","robots":{"index":"index","follow":"follow","max-snippet":"max-snippet:-1","max-image-preview":"max-image-preview:large","max-video-preview":"max-video-preview:-1"},"canonical":"https:\/\/atlantidoc.com\/site\/atlantidoc17-2023\/","og_locale":"es_ES","og_type":"article","og_title":"ATLANTIDOC17 - 2023 -","og_description":"ATLANTIDOC 17 OCTUBRE 16 AL 29, 2023 PREMIOS Tenemos el gran gusto de comunicarles los fallos de los diferentes jurados del 17 Festival Internacional de Cine Documental del Uruguay, Atlantidoc 2023, agradeciendo infinitamente la seria tarea y profesionalismo de todos y cada uno de los jurados. A continuaci\u00f3n, todos los premios y justificaciones de cada [&hellip;]","og_url":"https:\/\/atlantidoc.com\/site\/atlantidoc17-2023\/","article_modified_time":"2024-02-01T23:53:40+00:00","og_image":[{"width":1500,"height":2100,"url":"https:\/\/atlantidoc.com\/site\/wp-content\/uploads\/2024\/01\/atlantidoc-17-cartel-5.jpg","type":"image\/jpeg"}],"twitter_card":"summary_large_image","twitter_misc":{"Est. reading time":"20 minutos"},"schema":{"@context":"https:\/\/schema.org","@graph":[{"@type":"WebPage","@id":"https:\/\/atlantidoc.com\/site\/atlantidoc17-2023\/","url":"https:\/\/atlantidoc.com\/site\/atlantidoc17-2023\/","name":"ATLANTIDOC17 - 2023 -","isPartOf":{"@id":"https:\/\/atlantidoc.com\/site\/#website"},"primaryImageOfPage":{"@id":"https:\/\/atlantidoc.com\/site\/atlantidoc17-2023\/#primaryimage"},"image":{"@id":"https:\/\/atlantidoc.com\/site\/atlantidoc17-2023\/#primaryimage"},"thumbnailUrl":"https:\/\/atlantidoc.com\/site\/wp-content\/uploads\/2024\/01\/atlantidoc-17-cartel-5-768x1075.jpg","datePublished":"2024-01-06T19:40:19+00:00","dateModified":"2024-02-01T23:53:40+00:00","breadcrumb":{"@id":"https:\/\/atlantidoc.com\/site\/atlantidoc17-2023\/#breadcrumb"},"inLanguage":"es-UY","potentialAction":[{"@type":"ReadAction","target":["https:\/\/atlantidoc.com\/site\/atlantidoc17-2023\/"]}]},{"@type":"ImageObject","inLanguage":"es-UY","@id":"https:\/\/atlantidoc.com\/site\/atlantidoc17-2023\/#primaryimage","url":"https:\/\/atlantidoc.com\/site\/wp-content\/uploads\/2024\/01\/atlantidoc-17-cartel-5.jpg","contentUrl":"https:\/\/atlantidoc.com\/site\/wp-content\/uploads\/2024\/01\/atlantidoc-17-cartel-5.jpg","width":1500,"height":2100},{"@type":"BreadcrumbList","@id":"https:\/\/atlantidoc.com\/site\/atlantidoc17-2023\/#breadcrumb","itemListElement":[{"@type":"ListItem","position":1,"name":"Home","item":"https:\/\/atlantidoc.com\/site\/"},{"@type":"ListItem","position":2,"name":"ATLANTIDOC17 &#8211; 2023"}]},{"@type":"WebSite","@id":"https:\/\/atlantidoc.com\/site\/#website","url":"https:\/\/atlantidoc.com\/site\/","name":"ATLANTIDOC.COM","description":"Atlantidoc - Festival Internacional de Cine Documental de Uruguay","publisher":{"@id":"https:\/\/atlantidoc.com\/site\/#organization"},"potentialAction":[{"@type":"SearchAction","target":{"@type":"EntryPoint","urlTemplate":"https:\/\/atlantidoc.com\/site\/?s={search_term_string}"},"query-input":{"@type":"PropertyValueSpecification","valueRequired":true,"valueName":"search_term_string"}}],"inLanguage":"es-UY"},{"@type":"Organization","@id":"https:\/\/atlantidoc.com\/site\/#organization","name":"ATLANTIDOC","url":"https:\/\/atlantidoc.com\/site\/","logo":{"@type":"ImageObject","inLanguage":"es-UY","@id":"https:\/\/atlantidoc.com\/site\/#\/schema\/logo\/image\/","url":"https:\/\/atlantidoc.com\/site\/wp-content\/uploads\/2024\/01\/ATLANTIDOC-LOGO-Header-03-yellow-02-01.png","contentUrl":"https:\/\/atlantidoc.com\/site\/wp-content\/uploads\/2024\/01\/ATLANTIDOC-LOGO-Header-03-yellow-02-01.png","width":1460,"height":268,"caption":"ATLANTIDOC"},"image":{"@id":"https:\/\/atlantidoc.com\/site\/#\/schema\/logo\/image\/"}}]}},"_links":{"self":[{"href":"https:\/\/atlantidoc.com\/site\/wp-json\/wp\/v2\/pages\/1282","targetHints":{"allow":["GET"]}}],"collection":[{"href":"https:\/\/atlantidoc.com\/site\/wp-json\/wp\/v2\/pages"}],"about":[{"href":"https:\/\/atlantidoc.com\/site\/wp-json\/wp\/v2\/types\/page"}],"author":[{"embeddable":true,"href":"https:\/\/atlantidoc.com\/site\/wp-json\/wp\/v2\/users\/1"}],"replies":[{"embeddable":true,"href":"https:\/\/atlantidoc.com\/site\/wp-json\/wp\/v2\/comments?post=1282"}],"version-history":[{"count":0,"href":"https:\/\/atlantidoc.com\/site\/wp-json\/wp\/v2\/pages\/1282\/revisions"}],"wp:attachment":[{"href":"https:\/\/atlantidoc.com\/site\/wp-json\/wp\/v2\/media?parent=1282"}],"curies":[{"name":"wp","href":"https:\/\/api.w.org\/{rel}","templated":true}]}}